{"id":8567,"date":"2024-01-08T14:30:54","date_gmt":"2024-01-08T13:30:54","guid":{"rendered":"https:\/\/vildmark.se\/?page_id=8567"},"modified":"2026-03-03T16:44:47","modified_gmt":"2026-03-03T15:44:47","slug":"extras-holzfloss-2-naechte","status":"publish","type":"page","link":"https:\/\/www.vildmark.se\/de\/pakete\/holzflosspakete\/holzfloss-2-naechte\/extras-holzfloss-2-naechte\/","title":{"rendered":"Extras Holzflo\u00df 2 N\u00e4chte"},"content":{"rendered":"<div class=\"block-container block-core-heading\"><div class=\"block is-wp-block core-heading\">\n<h2 class=\"wp-block-heading\">Extras Holzflo\u00df 2 N\u00e4chte<\/h2>\n<\/div><\/div>\n\n<div class=\"block-container block-acf-cards\"><div class=\"block is-acf-block acf-cards\"><div class=\"wp-block-acf-cards\">\t\t\t\n\t\n\t\t<div class=\"row \">\n\t\t\t\t\t\t<div class=\"col-12 col-md-3 puff__col\">\n\t\t\t\t<div class=\"puff__item puff__item--3-4 \" style=\"\">\n\t\t\t\t\t<div class=\"puff__item__body\">\n\t\t\t\t\t\t\t\t\t\t\t\t\t<div class=\"puff__img\" data-link=\"\">\n\t\t\t\t\t\t\t\t\t\t\t\t\t\t\t\t\t<picture><source type=\"image\/webp\" media=\"(min-width: 992px)\" data-srcset=\"\/wp-content\/uploads\/2024\/01\/2018-Pia-Winther-Utrustning-Gr-2-scaled-306x188-c-center.webp 1x, \/wp-content\/uploads\/2024\/01\/2018-Pia-Winther-Utrustning-Gr-2-scaled-612x376-c-center.webp 2x\" \/><source media=\"(min-width: 992px)\" data-srcset=\"\/wp-content\/uploads\/2024\/01\/2018-Pia-Winther-Utrustning-Gr-2-scaled-306x188-c-center.jpg 1x, \/wp-content\/uploads\/2024\/01\/2018-Pia-Winther-Utrustning-Gr-2-scaled-612x376-c-center.jpg 2x\" \/><source type=\"image\/webp\" media=\"(min-width: 768px)\" data-srcset=\"\/wp-content\/uploads\/2024\/01\/2018-Pia-Winther-Utrustning-Gr-2-scaled-348x214-c-center.webp 1x, \/wp-content\/uploads\/2024\/01\/2018-Pia-Winther-Utrustning-Gr-2-scaled-696x428-c-center.webp 2x\" \/><source media=\"(min-width: 768px)\" data-srcset=\"\/wp-content\/uploads\/2024\/01\/2018-Pia-Winther-Utrustning-Gr-2-scaled-348x214-c-center.jpg 1x, \/wp-content\/uploads\/2024\/01\/2018-Pia-Winther-Utrustning-Gr-2-scaled-696x428-c-center.jpg 2x\" \/><img class=\"lazy\" alt=\"2018-Pia Winther-Utrustning Gr-2\" data-srcset=\"\/wp-content\/uploads\/2024\/01\/2018-Pia-Winther-Utrustning-Gr-2-scaled-348x214-c-center.jpg\" \/><\/picture>\n\t\t\t\t\t\t\t\t\t\t\t\t\t\t\t\t\t\t\t\t\t\t\t<\/div>\n\t\t\t\t\t\t\t\t\t\t\t\t<div class=\"puff__content\">\n\t\t\t\t\t\t\t\t\t\t\t\t\t\t\t\t\t<h3 class=\"h4\">VERPFLEGUNG UND K\u00dcCHENAUSR\u00dcSTUNG<\/h3>\n\t\t\t\t\t\t\t\t\n\t\t\t\t\t\t\t\t\n\t\t\t\t\t\t\t\t\n\t\t\t\t\t\t\t\t\t\t\t\t\t\t\t\t\t<div class=\"puff__text\"><p><strong>Die Verpflegung<\/strong> besteht aus frischen Zutaten, die Sie selbst zubereiten. Enthalten sind Lebensmittel f\u00fcr ein Grillabendessen am ersten Abend, zwei Fr\u00fchst\u00fccke, zwei Mittagessen sowie ein Abendessen, das Sie entweder an Bord oder am n\u00e4chtlichen Lagerplatz zubereiten. Alle Zutaten sind in einer Kiste und einer K\u00fchltasche verpackt. Bitte beachten Sie, dass bei Buchung der Verpflegung alle TeilnehmerInnen derselben Buchung diese Option w\u00e4hlen m\u00fcssen. Geben Sie uns bitte Bescheid, ob Sie eine vegetarische oder fleischhaltige Variante w\u00fcnschen.<\/p>\n<p><strong>Die K\u00fcchenausr\u00fcstung umfasst (separat zu buchen):<\/strong><br \/>\nCampingkocher mit Brennstoff (inklusive 2 T\u00f6pfen und einer Bratpfanne), Becher, Teller, Besteck, Tranchiermesser, Buttermesser, Schneidebrett, Pfannenwender, K\u00e4seschneider, Schneebesen, Dosen- und Flaschen\u00f6ffner, Kunststoffwanne, Sp\u00fclb\u00fcrste, Sp\u00fclmittel, K\u00fcchenpapier, Streichh\u00f6lzer. Am Abend, wenn Sie auf dem Campingplatz Klar\u00e4lven \u00fcbernachten, steht Ihnen au\u00dferdem ein Grill mit Grillkohle und Anz\u00fcndfl\u00fcssigkeit zur Verf\u00fcgung. Bitte beachten Sie, dass bei Buchung der K\u00fcchenausr\u00fcstung alle Teilnehmer innen derselben Buchung diese Option w\u00e4hlen m\u00fcssen.<\/p>\n<\/div>\n\t\t\t\t\t\t\t\t\n\t\t\t\t\t\t\t\t\t\t\t\t\t\t<\/div>\n\t\t\t\t\t<\/div>\n\t\t\t\t\t<div class=\"puff__item__footer\">\n\t\t\t\t\t\n\t\t\t\t\t\t\t\t\t\t<\/div>\n\t\t\t\t<\/div>\n\t\t\t<\/div>\n\t\t\t\t\t\t<div class=\"col-12 col-md-3 puff__col\">\n\t\t\t\t<div class=\"puff__item puff__item--3-4 \" style=\"\">\n\t\t\t\t\t<div class=\"puff__item__body\">\n\t\t\t\t\t\t\t\t\t\t\t\t\t<div class=\"puff__img\" data-link=\"\">\n\t\t\t\t\t\t\t\t\t\t\t\t\t\t\t\t\t<picture><source type=\"image\/webp\" media=\"(min-width: 992px)\" data-srcset=\"\/wp-content\/uploads\/2023\/12\/sovsackar-306x188-c-center.webp 1x, \/wp-content\/uploads\/2023\/12\/sovsackar-612x376-c-center.webp 2x\" \/><source media=\"(min-width: 992px)\" data-srcset=\"\/wp-content\/uploads\/2023\/12\/sovsackar-306x188-c-center.png 1x, \/wp-content\/uploads\/2023\/12\/sovsackar-612x376-c-center.png 2x\" \/><source type=\"image\/webp\" media=\"(min-width: 768px)\" data-srcset=\"\/wp-content\/uploads\/2023\/12\/sovsackar-348x214-c-center.webp 1x, \/wp-content\/uploads\/2023\/12\/sovsackar-696x428-c-center.webp 2x\" \/><source media=\"(min-width: 768px)\" data-srcset=\"\/wp-content\/uploads\/2023\/12\/sovsackar-348x214-c-center.png 1x, \/wp-content\/uploads\/2023\/12\/sovsackar-696x428-c-center.png 2x\" \/><img class=\"lazy\" alt=\"M\u00e5nga fullpackade svarta drybag ligger i en hylla. De inneh\u00e5ller ett liggunderlag, en sovs\u00e4ck och ett sovs\u00e4ckslakan. \" data-srcset=\"\/wp-content\/uploads\/2023\/12\/sovsackar-348x214-c-center.png\" \/><\/picture>\n\t\t\t\t\t\t\t\t\t\t\t\t\t\t\t\t\t\t\t\t\t\t\t<\/div>\n\t\t\t\t\t\t\t\t\t\t\t\t<div class=\"puff__content\">\n\t\t\t\t\t\t\t\t\t\t\t\t\t\t\t\t\t<h3 class=\"h4\">SCHLAFSACK<\/h3>\n\t\t\t\t\t\t\t\t\n\t\t\t\t\t\t\t\t\n\t\t\t\t\t\t\t\t\n\t\t\t\t\t\t\t\t\t\t\t\t\t\t\t\t\t<div class=\"puff__text\"><p>Im Paket enthalten sind au\u00dfer dem Schlafsack auch ein Schlafsackinnenbezug (Liner) und eine Isomatte. Die Isomatte besteht aus Schaumstoff und dient vor allem als Schutz gegen die Bodenk\u00e4lte.<\/p>\n<p><em>Kleiner Tipp: Sehen Sie zu, da\u00df Sie rechtzeitig im Schlafsack liegen. Stehen Sie lieber fr\u00fch auf, um den Gesang der V\u00f6gel zu h\u00f6ren und das Leben der wilden Tiere zu beobachten. Es lohnt sich!<\/em><\/p>\n<\/div>\n\t\t\t\t\t\t\t\t\n\t\t\t\t\t\t\t\t\t\t\t\t\t\t<\/div>\n\t\t\t\t\t<\/div>\n\t\t\t\t\t<div class=\"puff__item__footer\">\n\t\t\t\t\t\n\t\t\t\t\t\t\t\t\t\t<\/div>\n\t\t\t\t<\/div>\n\t\t\t<\/div>\n\t\t\t\t\t\t<div class=\"col-12 col-md-3 puff__col\">\n\t\t\t\t<div class=\"puff__item puff__item--3-4 \" style=\"\">\n\t\t\t\t\t<div class=\"puff__item__body\">\n\t\t\t\t\t\t\t\t\t\t\t\t\t<div class=\"puff__img\" data-link=\"\">\n\t\t\t\t\t\t\t\t\t\t\t\t\t\t\t\t\t<picture><source type=\"image\/webp\" media=\"(min-width: 992px)\" data-srcset=\"\/wp-content\/uploads\/2024\/01\/2020-Tommy-Pedersen-Tf-pa-alven-Tf1Tf2Tf2n-6-scaled-306x188-c-center.webp 1x, \/wp-content\/uploads\/2024\/01\/2020-Tommy-Pedersen-Tf-pa-alven-Tf1Tf2Tf2n-6-scaled-612x376-c-center.webp 2x\" \/><source media=\"(min-width: 992px)\" data-srcset=\"\/wp-content\/uploads\/2024\/01\/2020-Tommy-Pedersen-Tf-pa-alven-Tf1Tf2Tf2n-6-scaled-306x188-c-center.jpg 1x, \/wp-content\/uploads\/2024\/01\/2020-Tommy-Pedersen-Tf-pa-alven-Tf1Tf2Tf2n-6-scaled-612x376-c-center.jpg 2x\" \/><source type=\"image\/webp\" media=\"(min-width: 768px)\" data-srcset=\"\/wp-content\/uploads\/2024\/01\/2020-Tommy-Pedersen-Tf-pa-alven-Tf1Tf2Tf2n-6-scaled-348x214-c-center.webp 1x, \/wp-content\/uploads\/2024\/01\/2020-Tommy-Pedersen-Tf-pa-alven-Tf1Tf2Tf2n-6-scaled-696x428-c-center.webp 2x\" \/><source media=\"(min-width: 768px)\" data-srcset=\"\/wp-content\/uploads\/2024\/01\/2020-Tommy-Pedersen-Tf-pa-alven-Tf1Tf2Tf2n-6-scaled-348x214-c-center.jpg 1x, \/wp-content\/uploads\/2024\/01\/2020-Tommy-Pedersen-Tf-pa-alven-Tf1Tf2Tf2n-6-scaled-696x428-c-center.jpg 2x\" \/><img class=\"lazy\" alt=\"En luftbild av en mindre timmerflotte som flyter p\u00e5 det m\u00f6rkbl\u00e5 vatten. F\u00f6rt\u00f6jt vid flotten \u00e4r en r\u00f6d kanot som \u00e4r l\u00e4ngre \u00e4n flotten. I kanoten ligger n\u00e5gra rep. \" data-srcset=\"\/wp-content\/uploads\/2024\/01\/2020-Tommy-Pedersen-Tf-pa-alven-Tf1Tf2Tf2n-6-scaled-348x214-c-center.jpg\" \/><\/picture>\n\t\t\t\t\t\t\t\t\t\t\t\t\t\t\t\t\t\t\t\t\t\t\t<\/div>\n\t\t\t\t\t\t\t\t\t\t\t\t<div class=\"puff__content\">\n\t\t\t\t\t\t\t\t\t\t\t\t\t\t\t\t\t<h3 class=\"h4\">KANU W\u00c4HREND DER HOLZFLOSSFAHRT<\/h3>\n\t\t\t\t\t\t\t\t\n\t\t\t\t\t\t\t\t\n\t\t\t\t\t\t\t\t\n\t\t\t\t\t\t\t\t\t\t\t\t\t\t\t\t\t<div class=\"puff__text\"><p>Haben Sie die Himbeeren am Ufer gesehen, die unbedingt gepfl\u00fcckt werden sollten? Muss jemand f\u00fcr einen Toilettengang an Land? Mit einem Kanu k\u00f6nnen Sie leicht eine kleine Extratour unternehmen und anschlie\u00dfend das Holzflo\u00df einholen. Es kann Ihnen auch behilflich sein, wenn es darum geht, mit dem Flo\u00df selbst anzulegen.<\/p>\n<p>Achtung: Sie d\u00fcrfen das Holzflo\u00df nicht g\u00e4nzlich unbemannt treiben lassen.<\/p>\n<\/div>\n\t\t\t\t\t\t\t\t\n\t\t\t\t\t\t\t\t\t\t\t\t\t\t<\/div>\n\t\t\t\t\t<\/div>\n\t\t\t\t\t<div class=\"puff__item__footer\">\n\t\t\t\t\t\n\t\t\t\t\t\t\t\t\t\t<\/div>\n\t\t\t\t<\/div>\n\t\t\t<\/div>\n\t\t\t\t\t\t<div class=\"col-12 col-md-3 puff__col\">\n\t\t\t\t<div class=\"puff__item puff__item--3-4 \" style=\"\">\n\t\t\t\t\t<div class=\"puff__item__body\">\n\t\t\t\t\t\t\t\t\t\t\t\t\t<div class=\"puff__img\" data-link=\"\">\n\t\t\t\t\t\t\t\t\t\t\t\t\t\t\t\t\t<picture><source type=\"image\/webp\" media=\"(min-width: 992px)\" data-srcset=\"\/wp-content\/uploads\/2023\/12\/IMG_0552-1-scaled-306x188-c-center.webp 1x, \/wp-content\/uploads\/2023\/12\/IMG_0552-1-scaled-612x376-c-center.webp 2x\" \/><source media=\"(min-width: 992px)\" data-srcset=\"\/wp-content\/uploads\/2023\/12\/IMG_0552-1-scaled-306x188-c-center.jpg 1x, \/wp-content\/uploads\/2023\/12\/IMG_0552-1-scaled-612x376-c-center.jpg 2x\" \/><source type=\"image\/webp\" media=\"(min-width: 768px)\" data-srcset=\"\/wp-content\/uploads\/2023\/12\/IMG_0552-1-scaled-348x214-c-center.webp 1x, \/wp-content\/uploads\/2023\/12\/IMG_0552-1-scaled-696x428-c-center.webp 2x\" \/><source media=\"(min-width: 768px)\" data-srcset=\"\/wp-content\/uploads\/2023\/12\/IMG_0552-1-scaled-348x214-c-center.jpg 1x, \/wp-content\/uploads\/2023\/12\/IMG_0552-1-scaled-696x428-c-center.jpg 2x\" \/><img class=\"lazy\" alt=\"R\u00f6da timmerstugor med vita f\u00f6nster. En av dem skyms bakom en bj\u00f6rk som \u00e4r full av friska gr\u00f6na blad. Gr\u00e4smattan ligger i skugga men i bakgrunden syns kraftig solsken. Stugorna st\u00e5r p\u00e5 Klar\u00e4lvens Camping.\" data-srcset=\"\/wp-content\/uploads\/2023\/12\/IMG_0552-1-scaled-348x214-c-center.jpg\" \/><\/picture>\n\t\t\t\t\t\t\t\t\t\t\t\t\t\t\t\t\t\t\t\t\t\t\t<\/div>\n\t\t\t\t\t\t\t\t\t\t\t\t<div class=\"puff__content\">\n\t\t\t\t\t\t\t\t\t\t\t\t\t\t\t\t\t<h3 class=\"h4\">BUDGET-H\u00dcTTE<\/h3>\n\t\t\t\t\t\t\t\t\n\t\t\t\t\t\t\t\t\n\t\t\t\t\t\t\t\t\n\t\t\t\t\t\t\t\t\t\t\t\t\t\t\t\t\t<div class=\"puff__text\"><p>Unsere einfachen Blockh\u00fctten, Budget genannt, gibt es als 2- oder 4-Bett-H\u00fctten.<\/p>\n<p>Die Blockh\u00fctten bestehen aus jeweils einem Raum und haben eine kleine Veranda. Sie sind mit zwei oder vier (Stock-) Betten mit Kissen und Decken, einem Tisch mit B\u00e4nken\/Hockern sowie einer K\u00fcchennische mit Kochplatte, K\u00fchlschrank, Geschirr und sonstigem K\u00fcchenzubeh\u00f6r ausgestattet. Diese H\u00fctten verf\u00fcgen nicht \u00fcber flie\u00dfendes Wasser. Im Servicegeb\u00e4ude, das direkt neben den H\u00fctten gelegen ist, gibt es eine gr\u00f6\u00dfere K\u00fcche, Duschen\u00a0(f\u00fcr Warmwasser sind 5-Kronen-M\u00fcnzen bzw. Poletten erforderlich, die Sie in der Rezeption erwerben k\u00f6nnen) und WC. Wenn die Rezeption ge\u00f6ffnet ist, gibt es auch einen Gemeinschaftsraum, in dem Sie essen oder auch fernsehen k\u00f6nnen, sowie eine Waschmaschine und Sauna die gebucht werden k\u00f6nnen.<\/p>\n<p>Wir bem\u00fchen uns darum, ein umweltfreundliches Unternehmen zu sein, wozu u.a. die M\u00fclltrennung geh\u00f6rt. Bitte s\u00e4ubern Sie Verpackungen von Speiseresten und\u00a0sortierten Sie Ihren Abfall in die daf\u00fcr vorgesehenen Beh\u00e4lter an unserer kleinen\u00a0Recyclingstation.<\/p>\n<\/div>\n\t\t\t\t\t\t\t\t\n\t\t\t\t\t\t\t\t\t\t\t\t\t\t<\/div>\n\t\t\t\t\t<\/div>\n\t\t\t\t\t<div class=\"puff__item__footer\">\n\t\t\t\t\t\n\t\t\t\t\t\t\t\t\t\t<\/div>\n\t\t\t\t<\/div>\n\t\t\t<\/div>\n\t\t\t\t\t<\/div>\n\t\t\n\t\n<\/div><\/div><\/div>\n\n<div class=\"block-container block-core-buttons\"><div class=\"block is-wp-block core-buttons\">\n<div class=\"wp-block-buttons is-layout-flex wp-block-buttons-is-layout-flex\">\n<div class=\"wp-block-button\"><a class=\"wp-block-button__link wp-element-button\" href=\"https:\/\/vildmark.se\/de\/aktivitaet\/holzfloss-2-naechte\/\">zur\u00fcck zu holzflo\u00df 2 n\u00e4chte<\/a><\/div>\n<\/div>\n<\/div><\/div>","protected":false},"excerpt":{"rendered":"<p>Extras Holzflo\u00df 2 N\u00e4chte<\/p>\n","protected":false},"author":5,"featured_media":0,"parent":6184,"menu_order":0,"comment_status":"closed","ping_status":"closed","template":"","meta":{"_acf_changed":false,"footnotes":""},"tags":[],"class_list":["post-8567","page","type-page","status-publish","hentry"],"acf":[],"yoast_head":"<!-- This site is optimized with the Yoast SEO plugin v28.3 - https:\/\/yoast.com\/product\/yoast-seo-wordpress\/ -->\n<title>Extras Holzflo\u00df 2 N\u00e4chte | Vildmark i V\u00e4rmland<\/title>\n<meta name=\"description\" content=\"Fragen Sie sich, wie Sie sich auf Ihrer Holzflo\u00dffahrt 2 N\u00e4chte verpflegen sollen? Wir haben die L\u00f6sung! Buchen Sie unser Proviantpaket!\" \/>\n<meta name=\"robots\" content=\"index, follow, max-snippet:-1, max-image-preview:large, max-video-preview:-1\" \/>\n<link rel=\"canonical\" href=\"https:\/\/www.vildmark.se\/de\/pakete\/holzflosspakete\/holzfloss-2-naechte\/extras-holzfloss-2-naechte\/\" \/>\n<meta property=\"og:locale\" content=\"de_DE\" \/>\n<meta property=\"og:type\" content=\"article\" \/>\n<meta property=\"og:title\" content=\"Extras Holzflo\u00df 2 N\u00e4chte | Vildmark i V\u00e4rmland\" \/>\n<meta property=\"og:description\" content=\"Fragen Sie sich, wie Sie sich auf Ihrer Holzflo\u00dffahrt 2 N\u00e4chte verpflegen sollen? Wir haben die L\u00f6sung! Buchen Sie unser Proviantpaket!\" \/>\n<meta property=\"og:url\" content=\"https:\/\/www.vildmark.se\/de\/pakete\/holzflosspakete\/holzfloss-2-naechte\/extras-holzfloss-2-naechte\/\" \/>\n<meta property=\"og:site_name\" content=\"Vildmark i V\u00e4rmland\" \/>\n<meta property=\"article:modified_time\" content=\"2026-03-03T15:44:47+00:00\" \/>\n<meta name=\"twitter:card\" content=\"summary_large_image\" \/>\n<meta name=\"twitter:label1\" content=\"Gesch\u00e4tzte Lesezeit\" \/>\n\t<meta name=\"twitter:data1\" content=\"3\u00a0Minuten\" \/>\n<script type=\"application\/ld+json\" class=\"yoast-schema-graph\">{\"@context\":\"https:\\\/\\\/schema.org\",\"@graph\":[{\"@type\":\"WebPage\",\"@id\":\"https:\\\/\\\/www.vildmark.se\\\/de\\\/pakete\\\/holzflosspakete\\\/holzfloss-2-naechte\\\/extras-holzfloss-2-naechte\\\/\",\"url\":\"https:\\\/\\\/www.vildmark.se\\\/de\\\/pakete\\\/holzflosspakete\\\/holzfloss-2-naechte\\\/extras-holzfloss-2-naechte\\\/\",\"name\":\"Extras Holzflo\u00df 2 N\u00e4chte | Vildmark i V\u00e4rmland\",\"isPartOf\":{\"@id\":\"https:\\\/\\\/www.vildmark.se\\\/de\\\/#website\"},\"datePublished\":\"2024-01-08T13:30:54+00:00\",\"dateModified\":\"2026-03-03T15:44:47+00:00\",\"description\":\"Fragen Sie sich, wie Sie sich auf Ihrer Holzflo\u00dffahrt 2 N\u00e4chte verpflegen sollen? Wir haben die L\u00f6sung! Buchen Sie unser Proviantpaket!\",\"breadcrumb\":{\"@id\":\"https:\\\/\\\/www.vildmark.se\\\/de\\\/pakete\\\/holzflosspakete\\\/holzfloss-2-naechte\\\/extras-holzfloss-2-naechte\\\/#breadcrumb\"},\"inLanguage\":\"de\",\"potentialAction\":[{\"@type\":\"ReadAction\",\"target\":[\"https:\\\/\\\/www.vildmark.se\\\/de\\\/pakete\\\/holzflosspakete\\\/holzfloss-2-naechte\\\/extras-holzfloss-2-naechte\\\/\"]}]},{\"@type\":\"BreadcrumbList\",\"@id\":\"https:\\\/\\\/www.vildmark.se\\\/de\\\/pakete\\\/holzflosspakete\\\/holzfloss-2-naechte\\\/extras-holzfloss-2-naechte\\\/#breadcrumb\",\"itemListElement\":[{\"@type\":\"ListItem\",\"position\":1,\"name\":\"Pakete\",\"item\":\"https:\\\/\\\/www.vildmark.se\\\/de\\\/pakete\\\/\"},{\"@type\":\"ListItem\",\"position\":2,\"name\":\"Holzflo\u00dfpakete\",\"item\":\"https:\\\/\\\/www.vildmark.se\\\/de\\\/pakete\\\/holzflosspakete\\\/\"},{\"@type\":\"ListItem\",\"position\":3,\"name\":\"Holzflo\u00df 2 N\u00e4chte\",\"item\":\"https:\\\/\\\/www.vildmark.se\\\/de\\\/pakete\\\/holzflosspakete\\\/holzfloss-2-naechte\\\/\"},{\"@type\":\"ListItem\",\"position\":4,\"name\":\"Extras Holzflo\u00df 2 N\u00e4chte\"}]},{\"@type\":\"WebSite\",\"@id\":\"https:\\\/\\\/www.vildmark.se\\\/de\\\/#website\",\"url\":\"https:\\\/\\\/www.vildmark.se\\\/de\\\/\",\"name\":\"Vildmark i V\u00e4rmland\",\"description\":\"\",\"potentialAction\":[{\"@type\":\"SearchAction\",\"target\":{\"@type\":\"EntryPoint\",\"urlTemplate\":\"https:\\\/\\\/www.vildmark.se\\\/de\\\/?s={search_term_string}\"},\"query-input\":{\"@type\":\"PropertyValueSpecification\",\"valueRequired\":true,\"valueName\":\"search_term_string\"}}],\"inLanguage\":\"de\"}]}<\/script>\n<!-- \/ Yoast SEO plugin. -->","yoast_head_json":{"title":"Extras Holzflo\u00df 2 N\u00e4chte | Vildmark i V\u00e4rmland","description":"Fragen Sie sich, wie Sie sich auf Ihrer Holzflo\u00dffahrt 2 N\u00e4chte verpflegen sollen? Wir haben die L\u00f6sung! Buchen Sie unser Proviantpaket!","robots":{"index":"index","follow":"follow","max-snippet":"max-snippet:-1","max-image-preview":"max-image-preview:large","max-video-preview":"max-video-preview:-1"},"canonical":"https:\/\/www.vildmark.se\/de\/pakete\/holzflosspakete\/holzfloss-2-naechte\/extras-holzfloss-2-naechte\/","og_locale":"de_DE","og_type":"article","og_title":"Extras Holzflo\u00df 2 N\u00e4chte | Vildmark i V\u00e4rmland","og_description":"Fragen Sie sich, wie Sie sich auf Ihrer Holzflo\u00dffahrt 2 N\u00e4chte verpflegen sollen? Wir haben die L\u00f6sung! Buchen Sie unser Proviantpaket!","og_url":"https:\/\/www.vildmark.se\/de\/pakete\/holzflosspakete\/holzfloss-2-naechte\/extras-holzfloss-2-naechte\/","og_site_name":"Vildmark i V\u00e4rmland","article_modified_time":"2026-03-03T15:44:47+00:00","twitter_card":"summary_large_image","twitter_misc":{"Gesch\u00e4tzte Lesezeit":"3\u00a0Minuten"},"schema":{"@context":"https:\/\/schema.org","@graph":[{"@type":"WebPage","@id":"https:\/\/www.vildmark.se\/de\/pakete\/holzflosspakete\/holzfloss-2-naechte\/extras-holzfloss-2-naechte\/","url":"https:\/\/www.vildmark.se\/de\/pakete\/holzflosspakete\/holzfloss-2-naechte\/extras-holzfloss-2-naechte\/","name":"Extras Holzflo\u00df 2 N\u00e4chte | Vildmark i V\u00e4rmland","isPartOf":{"@id":"https:\/\/www.vildmark.se\/de\/#website"},"datePublished":"2024-01-08T13:30:54+00:00","dateModified":"2026-03-03T15:44:47+00:00","description":"Fragen Sie sich, wie Sie sich auf Ihrer Holzflo\u00dffahrt 2 N\u00e4chte verpflegen sollen? Wir haben die L\u00f6sung! Buchen Sie unser Proviantpaket!","breadcrumb":{"@id":"https:\/\/www.vildmark.se\/de\/pakete\/holzflosspakete\/holzfloss-2-naechte\/extras-holzfloss-2-naechte\/#breadcrumb"},"inLanguage":"de","potentialAction":[{"@type":"ReadAction","target":["https:\/\/www.vildmark.se\/de\/pakete\/holzflosspakete\/holzfloss-2-naechte\/extras-holzfloss-2-naechte\/"]}]},{"@type":"BreadcrumbList","@id":"https:\/\/www.vildmark.se\/de\/pakete\/holzflosspakete\/holzfloss-2-naechte\/extras-holzfloss-2-naechte\/#breadcrumb","itemListElement":[{"@type":"ListItem","position":1,"name":"Pakete","item":"https:\/\/www.vildmark.se\/de\/pakete\/"},{"@type":"ListItem","position":2,"name":"Holzflo\u00dfpakete","item":"https:\/\/www.vildmark.se\/de\/pakete\/holzflosspakete\/"},{"@type":"ListItem","position":3,"name":"Holzflo\u00df 2 N\u00e4chte","item":"https:\/\/www.vildmark.se\/de\/pakete\/holzflosspakete\/holzfloss-2-naechte\/"},{"@type":"ListItem","position":4,"name":"Extras Holzflo\u00df 2 N\u00e4chte"}]},{"@type":"WebSite","@id":"https:\/\/www.vildmark.se\/de\/#website","url":"https:\/\/www.vildmark.se\/de\/","name":"Vildmark i V\u00e4rmland","description":"","potentialAction":[{"@type":"SearchAction","target":{"@type":"EntryPoint","urlTemplate":"https:\/\/www.vildmark.se\/de\/?s={search_term_string}"},"query-input":{"@type":"PropertyValueSpecification","valueRequired":true,"valueName":"search_term_string"}}],"inLanguage":"de"}]}},"publishpress_future_action":{"enabled":false,"date":"2026-09-12 09:49:10","action":"change-status","newStatus":"draft","terms":[],"taxonomy":"post_tag","extraData":[]},"publishpress_future_workflow_manual_trigger":{"enabledWorkflows":[]},"_links":{"self":[{"href":"https:\/\/www.vildmark.se\/de\/wp-json\/wp\/v2\/pages\/8567","targetHints":{"allow":["GET"]}}],"collection":[{"href":"https:\/\/www.vildmark.se\/de\/wp-json\/wp\/v2\/pages"}],"about":[{"href":"https:\/\/www.vildmark.se\/de\/wp-json\/wp\/v2\/types\/page"}],"author":[{"embeddable":true,"href":"https:\/\/www.vildmark.se\/de\/wp-json\/wp\/v2\/users\/5"}],"replies":[{"embeddable":true,"href":"https:\/\/www.vildmark.se\/de\/wp-json\/wp\/v2\/comments?post=8567"}],"version-history":[{"count":13,"href":"https:\/\/www.vildmark.se\/de\/wp-json\/wp\/v2\/pages\/8567\/revisions"}],"predecessor-version":[{"id":27729,"href":"https:\/\/www.vildmark.se\/de\/wp-json\/wp\/v2\/pages\/8567\/revisions\/27729"}],"up":[{"embeddable":true,"href":"https:\/\/www.vildmark.se\/de\/wp-json\/wp\/v2\/pages\/6184"}],"wp:attachment":[{"href":"https:\/\/www.vildmark.se\/de\/wp-json\/wp\/v2\/media?parent=8567"}],"wp:term":[{"taxonomy":"post_tag","embeddable":true,"href":"https:\/\/www.vildmark.se\/de\/wp-json\/wp\/v2\/tags?post=8567"}],"curies":[{"name":"wp","href":"https:\/\/api.w.org\/{rel}","templated":true}]}}