{"id":20650,"date":"2023-11-10T13:54:27","date_gmt":"2023-11-10T12:54:27","guid":{"rendered":"https:\/\/www.vildmark.se\/?page_id=20650"},"modified":"2025-12-23T09:18:36","modified_gmt":"2025-12-23T08:18:36","slug":"excursion-en-radeau-de-bois-5-jours","status":"publish","type":"page","link":"https:\/\/www.vildmark.se\/fr\/forfait\/forfait-radeau-en-bois\/excursion-en-radeau-de-bois-5-jours\/","title":{"rendered":"Excursion en radeau de bois 5 jours"},"content":{"rendered":"<div class=\"block-container block-core-cover alignfull\"><div class=\"block is-wp-block core-cover\">\n<div class=\"wp-block-cover alignfull is-light\"><img loading=\"lazy\" class=\"wp-block-cover__image-background wp-image-2169 lazy\" alt=\"\" data-src=\"\/wp-content\/uploads\/2026\/09\/8768cf6aa06e76d341d5ba555e6969a3-1920x1080-c-center.webp\" style=\"object-position:52% 61%\" data-object-fit=\"cover\" data-object-position=\"52% 61%\"\/><span aria-hidden=\"true\" class=\"wp-block-cover__background has-black-background-color has-background-dim-30 has-background-dim\"><\/span><div class=\"wp-block-cover__inner-container is-layout-constrained wp-block-cover-is-layout-constrained\"><div class=\"block-container block-acf-breadcrumbs has-link-color\"><div class=\"block is-acf-block acf-breadcrumbs\"><div class=\"wp-block-acf-breadcrumbs wp-elements-c25e84402b08c91aba06ced57b926e5a\"><ul class=\"breadcrumbs d-flex\">\n\t \n\t<li class=\"breadcrumbs__item has-white-color has-text-color\">\n\t\t\t\t\t<a href=\"https:\/\/www.vildmark.se\/fr\/\">Accueil<\/a>\n\t\t\t<\/li>\n\t \n\t<li class=\"breadcrumbs__item has-white-color has-text-color\">\n\t\t\t\t\t<span class=\"breadcrumbs__item__active\">Excursion en radeau de bois 5 jours<\/span>\n\t\t\t<\/li>\n\t<\/ul>\n\n<\/div><\/div><\/div>\n\n<div class=\"block-container block-core-heading\"><div class=\"block is-wp-block core-heading\">\n<h1 class=\"wp-block-heading has-white-color has-text-color\">Excursion en radeau de bois <br>5 jours\/ 4 nuits<\/h1>\n<\/div><\/div>\n\n<div class=\"block-container block-core-paragraph\"><div class=\"block is-wp-block core-paragraph\">\n<p class=\"has-white-color has-text-color wp-block-paragraph\">Cette excursion en radeau de bois s&rsquo;adresse \u00e0 vous qui \u00eates amant de la nature, qui aimez les impr\u00e9vus et \u00e0 qui l&rsquo;activit\u00e9 physique ne fait pas peur.<\/p>\n<\/div><\/div>\n\n<div class=\"block-container block-acf-iconlist\"><div class=\"block is-acf-block acf-iconlist\"><div class=\"wp-block-acf-iconlist\">\t<ul class=\"icon-list has-white-color has-text-color\" style=\"\">\n\t\t\t<li class=\"icon-list__item d-flex align-items-center\">\n\t\t\t<span class=\"material-symbols-outlined\">\n\t\t\t\tnest_eco_leaf\n\t\t\t<\/span>\n\t\t\tProfitez de la dynamique entre effort et repos.\n\t\t<\/li>\n\t\t\t<li class=\"icon-list__item d-flex align-items-center\">\n\t\t\t<span class=\"material-symbols-outlined\">\n\t\t\t\tnest_eco_leaf\n\t\t\t<\/span>\n\t\t\tFaites du radeau de bois votre maison.\n\t\t<\/li>\n\t\t\t<li class=\"icon-list__item d-flex align-items-center\">\n\t\t\t<span class=\"material-symbols-outlined\">\n\t\t\t\tnest_eco_leaf\n\t\t\t<\/span>\n\t\t\tVous campez quatre nuits dans la nature.\n\t\t<\/li>\n\t\t<\/ul>\n\n<\/div><\/div><\/div>\n\n<div class=\"block-container block-core-buttons\"><div class=\"block is-wp-block core-buttons\">\n<div class=\"wp-block-buttons is-layout-flex wp-block-buttons-is-layout-flex\" style=\"margin-bottom:var(--wp--preset--spacing--50)\">\n<div class=\"wp-block-button is-style-fill\"><a class=\"wp-block-button__link wp-element-button\" href=\"https:\/\/vildmark.se\/en\/book-activity\/\">R\u00e9server<\/a><\/div>\n<\/div>\n<\/div><\/div><\/div><\/div>\n<\/div><\/div>\n\n<div class=\"block-container block-core-heading\"><div class=\"block is-wp-block core-heading\">\n<h2 class=\"wp-block-heading\" id=\"Vadingar\">L&rsquo;aventure inoubliable<\/h2>\n<\/div><\/div>\n\n<div class=\"block-container block-core-paragraph\"><div class=\"block is-wp-block core-paragraph\">\n<p class=\"wp-block-paragraph\">Construisez votre propre radeau de bois avec seulement des billots et des cordes et venez descendre la rivi\u00e8re Klar\u00e4lven dans la province du V\u00e4rmland. Une aventure et une exp\u00e9rience que vous n&rsquo;\u00eates pas pr\u00eats d&rsquo;oublier!<\/p>\n<\/div><\/div>\n\n<div class=\"block-container block-core-group alignwide\"><div class=\"block is-wp-block core-group\">\n<div class=\"wp-block-group alignwide is-layout-constrained wp-block-group-is-layout-constrained\" id=\"vadingar\"><div class=\"block-container block-acf-product\"><div class=\"block is-acf-block acf-product\"><div class=\"wp-block-acf-product\"><div class=\"product\">\n\t<div class=\"row\">\n\t\t<div class=\"col-12 col-md-6\">\n\t\t\t<div class=\"product__image\">\n\t\t\t\t\t\t\t\t\t<div class=\"product__slider\">\n\t\t\t\t\t\t\t\t\t\t\t\t<div class=\"product__slide_wrapper\">\n\t\t\t\t\t\t\t<div class=\"product__slide\">\n\t\t\t\t\t\t\t\t\t\t\t\t\t\t\t<picture><source type=\"image\/webp\" media=\"(min-width: 992px)\" srcset=\"\/wp-content\/uploads\/2024\/01\/BjornSnelders2022Flotte-i-land2-scaled-856x631-c-center.webp 1x, \/wp-content\/uploads\/2024\/01\/BjornSnelders2022Flotte-i-land2-scaled-1712x1262-c-center.webp 2x\" \/><source media=\"(min-width: 992px)\" srcset=\"\/wp-content\/uploads\/2024\/01\/BjornSnelders2022Flotte-i-land2-scaled-856x631-c-center.jpg 1x, \/wp-content\/uploads\/2024\/01\/BjornSnelders2022Flotte-i-land2-scaled-1712x1262-c-center.jpg 2x\" \/><source type=\"image\/webp\" media=\"(min-width: 768px)\" srcset=\"\/wp-content\/uploads\/2024\/01\/BjornSnelders2022Flotte-i-land2-scaled-348x256-c-center.webp 1x, \/wp-content\/uploads\/2024\/01\/BjornSnelders2022Flotte-i-land2-scaled-696x512-c-center.webp 2x\" \/><source media=\"(min-width: 768px)\" srcset=\"\/wp-content\/uploads\/2024\/01\/BjornSnelders2022Flotte-i-land2-scaled-348x256-c-center.jpg 1x, \/wp-content\/uploads\/2024\/01\/BjornSnelders2022Flotte-i-land2-scaled-696x512-c-center.jpg 2x\" \/><img class=\"\" alt=\"En f\u00f6rt\u00f6jt flotte ligger i Klar\u00e4lven. Himlen och den motsatta strandlinjen \u00e4r svarta. Solen \u00e4r p\u00e5 v\u00e4g ner och lyser genom flottens t\u00e4ltkonstruktion. Bilden ramas in av l\u00f6ven fr\u00e5n ett tr\u00e4d.\" srcset=\"\/wp-content\/uploads\/2024\/01\/BjornSnelders2022Flotte-i-land2-scaled-856x631-c-center.jpg\" \/><\/picture>\t\t\t\t\t\t\t\t\t\t\t\t\t\t<\/div>\n\t\t\t\t\t\t<\/div>\n\t\t\t\t\t\t\t\t\t\t\t\t<div class=\"product__slide_wrapper\">\n\t\t\t\t\t\t\t<div class=\"product__slide\">\n\t\t\t\t\t\t\t\t\t\t\t\t\t\t\t<picture><source type=\"image\/webp\" media=\"(min-width: 992px)\" srcset=\"\/wp-content\/uploads\/2024\/01\/IMG_4154-scaled-856x631-c-center.webp 1x, \/wp-content\/uploads\/2024\/01\/IMG_4154-scaled-1712x1262-c-center.webp 2x\" \/><source media=\"(min-width: 992px)\" srcset=\"\/wp-content\/uploads\/2024\/01\/IMG_4154-scaled-856x631-c-center.jpg 1x, \/wp-content\/uploads\/2024\/01\/IMG_4154-scaled-1712x1262-c-center.jpg 2x\" \/><source type=\"image\/webp\" media=\"(min-width: 768px)\" srcset=\"\/wp-content\/uploads\/2024\/01\/IMG_4154-scaled-348x256-c-center.webp 1x, \/wp-content\/uploads\/2024\/01\/IMG_4154-scaled-696x512-c-center.webp 2x\" \/><source media=\"(min-width: 768px)\" srcset=\"\/wp-content\/uploads\/2024\/01\/IMG_4154-scaled-348x256-c-center.jpg 1x, \/wp-content\/uploads\/2024\/01\/IMG_4154-scaled-696x512-c-center.jpg 2x\" \/><img class=\"\" alt=\"En timmerflotte flytter p\u00e5 Klar\u00e4lvens glittrande vatten. Stranden syns bara genom speglingen. P\u00e5 flotten sitter tv\u00e5 personer och vilar. En kanot flyter fastbunden bredvid flotten. \" srcset=\"\/wp-content\/uploads\/2024\/01\/IMG_4154-scaled-856x631-c-center.jpg\" \/><\/picture>\t\t\t\t\t\t\t\t\t\t\t\t\t\t<\/div>\n\t\t\t\t\t\t<\/div>\n\t\t\t\t\t\t\t\t\t\t\t\t<div class=\"product__slide_wrapper\">\n\t\t\t\t\t\t\t<div class=\"product__slide\">\n\t\t\t\t\t\t\t\t\t\t\t\t\t\t\t<picture><source type=\"image\/webp\" media=\"(min-width: 992px)\" srcset=\"\/wp-content\/uploads\/2024\/03\/IMG_4104-scaled-856x631-c-center.webp 1x, \/wp-content\/uploads\/2024\/03\/IMG_4104-scaled-1712x1262-c-center.webp 2x\" \/><source media=\"(min-width: 992px)\" srcset=\"\/wp-content\/uploads\/2024\/03\/IMG_4104-scaled-856x631-c-center.jpg 1x, \/wp-content\/uploads\/2024\/03\/IMG_4104-scaled-1712x1262-c-center.jpg 2x\" \/><source type=\"image\/webp\" media=\"(min-width: 768px)\" srcset=\"\/wp-content\/uploads\/2024\/03\/IMG_4104-scaled-348x256-c-center.webp 1x, \/wp-content\/uploads\/2024\/03\/IMG_4104-scaled-696x512-c-center.webp 2x\" \/><source media=\"(min-width: 768px)\" srcset=\"\/wp-content\/uploads\/2024\/03\/IMG_4104-scaled-348x256-c-center.jpg 1x, \/wp-content\/uploads\/2024\/03\/IMG_4104-scaled-696x512-c-center.jpg 2x\" \/><img class=\"\" alt=\"Byge av timmerflottar vid Klar\u00e4lvens strand i Bran\u00e4s. Personer i vatten och p\u00e5 land, halvf\u00e4rdiga flottar ligger i vattnet. Det verkar vara en solig dag. \" srcset=\"\/wp-content\/uploads\/2024\/03\/IMG_4104-scaled-856x631-c-center.jpg\" \/><\/picture>\t\t\t\t\t\t\t\t\t\t\t\t\t\t<\/div>\n\t\t\t\t\t\t<\/div>\n\t\t\t\t\t\t\t\t\t\t\t\t<div class=\"product__slide_wrapper\">\n\t\t\t\t\t\t\t<div class=\"product__slide\">\n\t\t\t\t\t\t\t\t\t\t\t\t\t\t\t<picture><source type=\"image\/webp\" media=\"(min-width: 992px)\" srcset=\"\/wp-content\/uploads\/2024\/03\/Zweden-Varmland-TimberRafting-BjornSnelders-35-scaled-856x631-c-center.webp 1x, \/wp-content\/uploads\/2024\/03\/Zweden-Varmland-TimberRafting-BjornSnelders-35-scaled-1712x1262-c-center.webp 2x\" \/><source media=\"(min-width: 992px)\" srcset=\"\/wp-content\/uploads\/2024\/03\/Zweden-Varmland-TimberRafting-BjornSnelders-35-scaled-856x631-c-center.jpg 1x, \/wp-content\/uploads\/2024\/03\/Zweden-Varmland-TimberRafting-BjornSnelders-35-scaled-1712x1262-c-center.jpg 2x\" \/><source type=\"image\/webp\" media=\"(min-width: 768px)\" srcset=\"\/wp-content\/uploads\/2024\/03\/Zweden-Varmland-TimberRafting-BjornSnelders-35-scaled-348x256-c-center.webp 1x, \/wp-content\/uploads\/2024\/03\/Zweden-Varmland-TimberRafting-BjornSnelders-35-scaled-696x512-c-center.webp 2x\" \/><source media=\"(min-width: 768px)\" srcset=\"\/wp-content\/uploads\/2024\/03\/Zweden-Varmland-TimberRafting-BjornSnelders-35-scaled-348x256-c-center.jpg 1x, \/wp-content\/uploads\/2024\/03\/Zweden-Varmland-TimberRafting-BjornSnelders-35-scaled-696x512-c-center.jpg 2x\" \/><img class=\"\" alt=\"Luftbild \u00f6ver byggplatsen f\u00f6r timmerflottar. Sex stora timmertravar ligger p\u00e5 stranden, enstaka stockar ligger n\u00e4rmare vattnet. Inget bygge p\u00e5g\u00e5r, platsen verkar tom.\" srcset=\"\/wp-content\/uploads\/2024\/03\/Zweden-Varmland-TimberRafting-BjornSnelders-35-scaled-856x631-c-center.jpg\" \/><\/picture>\t\t\t\t\t\t\t\t\t\t\t\t\t\t<\/div>\n\t\t\t\t\t\t<\/div>\n\t\t\t\t\t\t\t\t\t\t\t\t<div class=\"product__slide_wrapper\">\n\t\t\t\t\t\t\t<div class=\"product__slide\">\n\t\t\t\t\t\t\t\t\t\t\t\t\t\t\t<picture><source type=\"image\/webp\" media=\"(min-width: 992px)\" srcset=\"\/wp-content\/uploads\/2024\/01\/L2_1162-scaled-856x631-c-center.webp 1x, \/wp-content\/uploads\/2024\/01\/L2_1162-scaled-1712x1262-c-center.webp 2x\" \/><source media=\"(min-width: 992px)\" srcset=\"\/wp-content\/uploads\/2024\/01\/L2_1162-scaled-856x631-c-center.jpg 1x, \/wp-content\/uploads\/2024\/01\/L2_1162-scaled-1712x1262-c-center.jpg 2x\" \/><source type=\"image\/webp\" media=\"(min-width: 768px)\" srcset=\"\/wp-content\/uploads\/2024\/01\/L2_1162-scaled-348x256-c-center.webp 1x, \/wp-content\/uploads\/2024\/01\/L2_1162-scaled-696x512-c-center.webp 2x\" \/><source media=\"(min-width: 768px)\" srcset=\"\/wp-content\/uploads\/2024\/01\/L2_1162-scaled-348x256-c-center.jpg 1x, \/wp-content\/uploads\/2024\/01\/L2_1162-scaled-696x512-c-center.jpg 2x\" \/><img class=\"\" alt=\"En fullpackad timmerflotte p\u00e5 Klar\u00e4lven n\u00e4ra en sandbank. P\u00e5 sandbanken sitter tre kvinnor f\u00f6r fika. En str\u00e5lande sommardag med moln p\u00e5 himlen.\" srcset=\"\/wp-content\/uploads\/2024\/01\/L2_1162-scaled-856x631-c-center.jpg\" \/><\/picture>\t\t\t\t\t\t\t\t\t\t\t\t\t\t<\/div>\n\t\t\t\t\t\t<\/div>\n\t\t\t\t\t\t\t\t\t\t\t\t<div class=\"product__slide_wrapper\">\n\t\t\t\t\t\t\t<div class=\"product__slide\">\n\t\t\t\t\t\t\t\t\t\t\t\t\t\t\t<picture><source type=\"image\/webp\" media=\"(min-width: 992px)\" srcset=\"\/wp-content\/uploads\/2024\/03\/Alastair-Humphreys-3-scaled-856x631-c-center.webp 1x, \/wp-content\/uploads\/2024\/03\/Alastair-Humphreys-3-scaled-1712x1262-c-center.webp 2x\" \/><source media=\"(min-width: 992px)\" srcset=\"\/wp-content\/uploads\/2024\/03\/Alastair-Humphreys-3-scaled-856x631-c-center.jpg 1x, \/wp-content\/uploads\/2024\/03\/Alastair-Humphreys-3-scaled-1712x1262-c-center.jpg 2x\" \/><source type=\"image\/webp\" media=\"(min-width: 768px)\" srcset=\"\/wp-content\/uploads\/2024\/03\/Alastair-Humphreys-3-scaled-348x256-c-center.webp 1x, \/wp-content\/uploads\/2024\/03\/Alastair-Humphreys-3-scaled-696x512-c-center.webp 2x\" \/><source media=\"(min-width: 768px)\" srcset=\"\/wp-content\/uploads\/2024\/03\/Alastair-Humphreys-3-scaled-348x256-c-center.jpg 1x, \/wp-content\/uploads\/2024\/03\/Alastair-Humphreys-3-scaled-696x512-c-center.jpg 2x\" \/><img class=\"\" alt=\"Matlagning ombord p\u00e5 en flotte medan den flyter p\u00e5 Klar\u00e4lven. Fyra personer syns till, dels st\u00e5ende, dels sittande p\u00e5 tr\u00e4l\u00e5dor. En l\u00e5da \u00e4r dukat som bord. En kvinna v\u00e4nder en pannkaka i luften och f\u00e5ngar den med en stekpanna. Soligt v\u00e4der.\" srcset=\"\/wp-content\/uploads\/2024\/03\/Alastair-Humphreys-3-scaled-856x631-c-center.jpg\" \/><\/picture>\t\t\t\t\t\t\t\t\t\t\t\t\t\t<\/div>\n\t\t\t\t\t\t<\/div>\n\t\t\t\t\t\t\t\t\t\t\t\t<div class=\"product__slide_wrapper\">\n\t\t\t\t\t\t\t<div class=\"product__slide\">\n\t\t\t\t\t\t\t\t\t\t\t\t\t\t\t<iframe loading=\"lazy\" title=\"Timber Raft Klara\u0308lven, summer 2015\" width=\"872\" height=\"491\" src=\"https:\/\/www.youtube.com\/embed\/sSc2WqASXgc?feature=oembed\" frameborder=\"0\" allow=\"accelerometer; autoplay; clipboard-write; encrypted-media; gyroscope; picture-in-picture; web-share\" referrerpolicy=\"strict-origin-when-cross-origin\" allowfullscreen><\/iframe>\n\t\t\t\t\t\t\t\t\t\t\t\t\t\t<\/div>\n\t\t\t\t\t\t<\/div>\n\t\t\t\t\t\t\t\t\t\t\t<\/div>\n\t\t\t\t\t\t\t<\/div>\n\t\t<\/div>\n\t\t<div class=\"col-12 col-md-6\">\n\t\t\t<div class=\"product__content\">\n\t\t\t\t<h2 class=\"h2 heading\">Excursion en radeau de bois 5 jours<\/h2>\n\n\t\t\t\t\n\t\t\t\t\n\t\t\t\t\t\t\t\t\t<p>Le forfait comprend :<\/p>\n\t\t\t\t\t\t\t\t\t\t\t\t<div class=\"product__icons row\">\n\t\t\t\t\t\t\t\t\t\t\t<div class=\"col-12 col-md-6\">\n\t\t\t\t\t\t\t\t\t\t\t\t\t\t\t<div class=\"product__icons__icon d-flex\">\n\t\t\t\t\t\t\t\t\t<span class=\"material-symbols-outlined\">\n\t\t\t\t\t\t\t\t\t\tcamping\n\t\t\t\t\t\t\t\t\t<\/span>\n\t\t\t\t\t\t\t\t\t<span class=\"material-symbols-title\">Quatre nuits dans votre propre tente<\/span>\n\t\t\t\t\t\t\t\t<\/div>\n\t\t\t\t\t\t\t\t\t\t\t\t\t\t\t<div class=\"product__icons__icon d-flex\">\n\t\t\t\t\t\t\t\t\t<span class=\"material-symbols-outlined\">\n\t\t\t\t\t\t\t\t\t\tface\n\t\t\t\t\t\t\t\t\t<\/span>\n\t\t\t\t\t\t\t\t\t<span class=\"material-symbols-title\">Informations sur le voyage<\/span>\n\t\t\t\t\t\t\t\t<\/div>\n\t\t\t\t\t\t\t\t\t\t\t\t\t\t\t<div class=\"product__icons__icon d-flex\">\n\t\t\t\t\t\t\t\t\t<span class=\"material-symbols-outlined\">\n\t\t\t\t\t\t\t\t\t\temoji_people\n\t\t\t\t\t\t\t\t\t<\/span>\n\t\t\t\t\t\t\t\t\t<span class=\"material-symbols-title\">Moniteur au d\u00e9part et sur l&rsquo;endroit de construction<\/span>\n\t\t\t\t\t\t\t\t<\/div>\n\t\t\t\t\t\t\t\t\t\t\t\t\t<\/div>\n\t\t\t\t\t\t\t\t\t\t\t<div class=\"col-12 col-md-6\">\n\t\t\t\t\t\t\t\t\t\t\t\t\t\t\t<div class=\"product__icons__icon d-flex\">\n\t\t\t\t\t\t\t\t\t<span class=\"material-symbols-outlined\">\n\t\t\t\t\t\t\t\t\t\tsupport\n\t\t\t\t\t\t\t\t\t<\/span>\n\t\t\t\t\t\t\t\t\t<span class=\"material-symbols-title\">\u00c9quipement de base<\/span>\n\t\t\t\t\t\t\t\t<\/div>\n\t\t\t\t\t\t\t\t\t\t\t\t\t\t\t<div class=\"product__icons__icon d-flex\">\n\t\t\t\t\t\t\t\t\t<span class=\"material-symbols-outlined\">\n\t\t\t\t\t\t\t\t\t\tdirections_bus\n\t\t\t\t\t\t\t\t\t<\/span>\n\t\t\t\t\t\t\t\t\t<span class=\"material-symbols-title\">Transports locaux<\/span>\n\t\t\t\t\t\t\t\t<\/div>\n\t\t\t\t\t\t\t\t\t\t\t\t\t\t\t<div class=\"product__icons__icon d-flex\">\n\t\t\t\t\t\t\t\t\t<span class=\"material-symbols-outlined\">\n\t\t\t\t\t\t\t\t\t\tlocal_parking\n\t\t\t\t\t\t\t\t\t<\/span>\n\t\t\t\t\t\t\t\t\t<span class=\"material-symbols-title\">Stationnement des v\u00e9hicules<\/span>\n\t\t\t\t\t\t\t\t<\/div>\n\t\t\t\t\t\t\t\t\t\t\t\t\t<\/div>\n\t\t\t\t\t\t\t\t\t<\/div>\n\t\t\t\t\n\t\t\t\t\t\t\t\t\t<div class=\"product__text\">\n\t\t\t\t\t \t<h3><strong>Choses que vous pouvez louer\/acheter chez nous<\/strong><\/h3>\n<ul>\n<li>Tente (peut accueillir 3-4 personnes)<\/li>\n<li>Sac de couchage et matelas de couchage.<\/li>\n<li>\u00c9quipement de cuisine incl. r\u00e9chaud pour cuisiner des aliments.<\/li>\n<li>Nourriture pour tout le s\u00e9jour que vous pr\u00e9parez vous-m\u00eame pendant le voyage.<\/li>\n<\/ul>\n<h3><strong>Choses que vous devez apporter<\/strong><\/h3>\n<ul>\n<li>V\u00eatements adapt\u00e9s aux changements de temps, y compris des v\u00eatements de pluie et des v\u00eatements de rechange complets.<\/li>\n<li>Gants et sandales r\u00e9sistant \u00e0 l&rsquo;eau ou vieilles chaussures de sport pour la construction du radeau en bois.<\/li>\n<li>Si vous n&rsquo;avez pas lou\u00e9 chez nous une tente, un sac de couchage, un matelas ou du mat\u00e9riel de cuisine, vous l&rsquo;apportez vous-m\u00eame.<\/li>\n<li>Si vous n&rsquo;avez pas command\u00e9 de nourriture chez nous, vous l&rsquo;apportez \u00e9galement. Notez qu&rsquo;il est \u00e9galement possible de faire des courses dans les petits magasins situ\u00e9s le long de la rivi\u00e8re. (Vous passez devant 3 magasins.)<\/li>\n<\/ul>\n\n\t\t\t\t\t\t\t\t\t\t\t\t<div class=\"product__text__more\">\n\t\t\t\t\t\t\t<p><strong>L&rsquo;\u00e9quipement de base comprend :<\/strong> Bois, corde, pagaies, coffre de rangement, perche, gilets de sauvetage, bou\u00e9e de sauvetage, b\u00e2che, bidon pour cuisine \u00e0 alcool, trousse de premiers secours, seau, sacs poubelles, papier toilette, pelle de toilette, bidons d&rsquo;eau douce, carte topographique, cano\u00eb (peut \u00eatre un kayak ou un kayak sit-on-top), introduction \u00e0 la construction \u00e0 Gunnerud, instructeur sur l&rsquo;endroit de construction, informations sur la visite avant l&rsquo;arriv\u00e9e et \u00e0 Gunnerud.<\/p>\n<p>Une fois le radeau en bois termin\u00e9, les caisses \u00e0 cordes seront vides et vous pourrez les utiliser pour votre \u00e9quipement.<\/p>\n<p>Le transport de vous et de tout votre \u00e9quipement (mais pas des objets personnels volumineux tels que cano\u00ebs\/kayaks, v\u00e9los, etc.) de Gunnerud au chantier de construction est inclus. Pendant que vous naviguez sur le radeau en bois, ceux d&rsquo;entre vous qui viennent avec leur propre voiture peuvent la garer gratuitement \u00e0 leur destination finale.<\/p>\n<p>Le simple fait de construire votre propre \u00ab radeau en bois \u00bb constitue une tr\u00e8s grande partie de l&rsquo;exp\u00e9rience sur le Klar\u00e4lven.<\/p>\n\n\t\t\t\t\t\t<\/div>\n\t\t\t\t\t\t<div>\n\t\t\t\t\t\t\t<a class=\"product__text__read_more\" href=\"javascript:void(0);\"><span>Lire la suite<\/span>\n\t\t\t\t\t\t\t\t<svg class=\"link-arrow\" xmlns=\"http:\/\/www.w3.org\/2000\/svg\" width=\"8\" height=\"4.94\" viewBox=\"0 0 8 4.94\">\n\t\t\t\t\t\t\t\t  <path d=\"M13.06,8.59,10,11.643,6.94,8.59,6,9.53l4,4,4-4Z\" transform=\"translate(-6 -8.59)\" fill=\"#004b87\"\/>\n\t\t\t\t\t\t\t\t<\/svg>\n\t\t\t\t\t\t\t<\/a>\n\t\t\t\t\t\t<\/div>\n\t\t\t\t\t\t\t\t\t\t\t<\/div>\n\t\t\t\t\n\t\t\t\t\t\t\t\t\t<ul class=\"product__checklist\">\n\t\t\t\t\t\t\t\t\t\t\t<li>\n\t\t\t\t\t\t\t<svg xmlns=\"http:\/\/www.w3.org\/2000\/svg\" width=\"15\" height=\"11.435\" viewBox=\"0 0 15 11.435\">\n\t\t\t\t\t\t\t  <path data-name=\"Ikoner \/ Icon_check\" d=\"M8.177,14.612,4.621,11.056l-1.211,1.2,4.767,4.767L18.41,6.792l-1.2-1.2Z\" transform=\"translate(-3.41 -5.59)\" fill=\"#3ca038\"\/>\n\t\t\t\t\t\t\t<\/svg>\n\t\t\t\t\t\t\tChaque jour est une nouvelle aventure.\n\t\t\t\t\t\t<\/li>\n\t\t\t\t\t\t\t\t\t\t\t<li>\n\t\t\t\t\t\t\t<svg xmlns=\"http:\/\/www.w3.org\/2000\/svg\" width=\"15\" height=\"11.435\" viewBox=\"0 0 15 11.435\">\n\t\t\t\t\t\t\t  <path data-name=\"Ikoner \/ Icon_check\" d=\"M8.177,14.612,4.621,11.056l-1.211,1.2,4.767,4.767L18.41,6.792l-1.2-1.2Z\" transform=\"translate(-3.41 -5.59)\" fill=\"#3ca038\"\/>\n\t\t\t\t\t\t\t<\/svg>\n\t\t\t\t\t\t\tD\u00e9couvrez \u00e0 quel point la collectivit\u00e9 peut \u00eatre significative.\n\t\t\t\t\t\t<\/li>\n\t\t\t\t\t\t\t\t\t\t\t<li>\n\t\t\t\t\t\t\t<svg xmlns=\"http:\/\/www.w3.org\/2000\/svg\" width=\"15\" height=\"11.435\" viewBox=\"0 0 15 11.435\">\n\t\t\t\t\t\t\t  <path data-name=\"Ikoner \/ Icon_check\" d=\"M8.177,14.612,4.621,11.056l-1.211,1.2,4.767,4.767L18.41,6.792l-1.2-1.2Z\" transform=\"translate(-3.41 -5.59)\" fill=\"#3ca038\"\/>\n\t\t\t\t\t\t\t<\/svg>\n\t\t\t\t\t\t\tLaissez la nature \u00eatre la r\u00e9gisseuse.\n\t\t\t\t\t\t<\/li>\n\t\t\t\t\t\t\t\t\t\t<\/ul>\n\t\t\t\t\n\t\t\t\t\t\t\t\t<div class=\"product__buttons\">\n\t\t\t\t\t<div class=\"wp-block is-layout-flex wp-block-buttons\">\n\t\t\t\t\t\t\t\t\t\t\t\t<div class=\"wp-block wp-block-button is-style-fill\">\n\t\t\t\t\t\t\t<a href=\"https:\/\/vildmark.se\/en\/book-activity\/\" target=\"\" class=\"wp-block-button__link has-secondary-gradient-gradient-background has-background wp-element-button \" >\nR\u00e9server \n<\/a>\t\t\t\t\t\t<\/div>\n\t\t\t\t\t\t\t\t\t\t\t\t\t\t\t\t\t<\/div>\n\t\t\t\t<\/div>\n\t\t\t\t\n\t\t\t<\/div>\n\t\t<\/div>\n\t<\/div>\n<\/div>\n<\/div><\/div><\/div><\/div>\n<\/div><\/div>\n\n<div class=\"block-container block-core-paragraph\"><div class=\"block is-wp-block core-paragraph\">\n<p class=\"wp-block-paragraph\">Les conditions de navigation sont d\u00e9termin\u00e9es en grande partie par le niveau de l&rsquo;eau, mais aussi par les vents et le temps qu&rsquo;il fait. Tout au long de l&rsquo;excursion, vous serez port\u00e9 par un courant tranquille de 1 \u00e0 3 km\/h, mais m\u00eame dans les eaux les plus calmes, se cachent parfois roches, remous et bancs de sable! Un des grands d\u00e9fis de l&rsquo;aventure est de sortir hors du courant le radeau de bois qui p\u00e8se pr\u00e8s de deux tonnes et de le tirer sur la terre ferme. Vous \u00eates seul pendant l&rsquo;excursion et organisez vous-m\u00eame chaque \u00e9tape de la journ\u00e9e, \u00e0 l&rsquo;exception des circonstances incontr\u00f4lables auxquelles vous serez expos\u00e9 au cours de votre voyage.<\/p>\n<\/div><\/div>\n\n<div class=\"block-container block-core-paragraph\"><div class=\"block is-wp-block core-paragraph\">\n<p class=\"wp-block-paragraph\"><strong>Liens rapides<br><\/strong><a href=\"#Vadingar\">Qu&rsquo;est-ce qui est inclus ?<\/a>\u30fb<a href=\"#hurgardet\">Comment \u00e7a se passe ?<\/a>\u30fb<a href=\"#pris\">Prix et d\u00e9parts<\/a>\u30fb<a href=\"#krav\">Exigences g\u00e9n\u00e9rales<\/a><\/p>\n<\/div><\/div>\n\n<div class=\"block-container block-core-group alignfull\"><div class=\"block is-wp-block core-group\">\n<div class=\"wp-block-group alignfull has-background is-layout-constrained wp-block-group-is-layout-constrained\" id=\"hurgardet\" style=\"background-color:#6380332e\"><div class=\"block-container block-core-media-text alignwide\"><div class=\"block is-wp-block core-media-text\">\n<div class=\"wp-block-media-text alignwide has-media-on-the-right is-stacked-on-mobile is-image-fill-element\"><div class=\"wp-block-media-text__content\"><div class=\"block-container block-core-heading\"><div class=\"block is-wp-block core-heading\">\n<h2 class=\"wp-block-heading\">Comment \u00e7a se passe ?<\/h2>\n<\/div><\/div>\n\n<div class=\"block-container block-core-paragraph\"><div class=\"block is-wp-block core-paragraph\">\n<p class=\"wp-block-paragraph\"><strong>Jour 1<\/strong>: &nbsp;<\/p>\n<\/div><\/div>\n\n<div class=\"block-container block-core-list\"><div class=\"block is-wp-block core-list\">\n<ul class=\"wp-block-list\">\n<li>Rassemblement \u00e0 15h30-17h \u00e0 Gunnerud.<\/li>\n\n\n\n<li>Vous recevrez alors l&rsquo;\u00e9quipement que vous avez r\u00e9serv\u00e9 pour votre excursion.<\/li>\n\n\n\n<li>Nous vous fournissons des informations sur le Klar\u00e4lven, la technique de construction et le droit de libre acc\u00e8s \u00e0 la nature.<\/li>\n\n\n\n<li>Vous passez la nuit dans une tente \u00e0 Gunnerud.<\/li>\n<\/ul>\n<\/div><\/div>\n\n<div class=\"block-container block-core-paragraph\"><div class=\"block is-wp-block core-paragraph\">\n<p class=\"wp-block-paragraph\"><strong>Jour 2:<\/strong><\/p>\n<\/div><\/div>\n\n<div class=\"block-container block-core-list\"><div class=\"block is-wp-block core-list\">\n<ul class=\"wp-block-list\">\n<li>Le matin, nous vous transportons sur le chantier de construction.<\/li>\n\n\n\n<li>Vous construisez votre propre radeau de bois.<\/li>\n\n\n\n<li>L&rsquo;apr\u00e8s-midi, lorsque vous avez termin\u00e9 la construction, vous partez avec le radeau en bois.<\/li>\n<\/ul>\n<\/div><\/div>\n\n<div class=\"block-container block-core-paragraph\"><div class=\"block is-wp-block core-paragraph\">\n<p class=\"wp-block-paragraph\"><strong>Jour 2-5:<\/strong><\/p>\n<\/div><\/div>\n\n<div class=\"block-container block-core-list\"><div class=\"block is-wp-block core-list\">\n<ul class=\"wp-block-list\">\n<li>Vous descendez le Klar\u00e4lven avec le radeau en bois.<\/li>\n\n\n\n<li>Vous passez la nuit sur votre radeau en bois bien amarr\u00e9 ou sur la terre ferme.<\/li>\n<\/ul>\n<\/div><\/div>\n\n<div class=\"block-container block-core-paragraph\"><div class=\"block is-wp-block core-paragraph\">\n<p class=\"wp-block-paragraph\"><strong>Jour 5<\/strong>:<\/p>\n<\/div><\/div>\n\n<div class=\"block-container block-core-list\"><div class=\"block is-wp-block core-list\">\n<ul class=\"wp-block-list\">\n<li>Vous arrivez \u00e0 votre destination finale avant 17 heures.<\/li>\n\n\n\n<li>Vous d\u00e9montez votre radeau en bois.<\/li>\n\n\n\n<li>Vous restituez le mat\u00e9riel que vous avez lou\u00e9.<\/li>\n\n\n\n<li>Vous \u00eates pr\u00eat pour de nouvelles aventures.<\/li>\n<\/ul>\n<\/div><\/div>\n\n<div class=\"block-container block-core-buttons\"><div class=\"block is-wp-block core-buttons\">\n<div class=\"wp-block-buttons is-content-justification-left is-layout-flex wp-container-core-buttons-is-layout-63375db1 wp-block-buttons-is-layout-flex\" id=\"pris\">\n<div class=\"wp-block-button is-style-outline is-style-outline--1\"><a class=\"wp-block-button__link has-text-align-center wp-element-button\" href=\"https:\/\/www.vildmark.se\/fr\/description-du-paquet-excursion-en-radeau-de-bois-5-jours\/\">Description du paquet<\/a><\/div>\n<\/div>\n<\/div><\/div><\/div><figure class=\"wp-block-media-text__media\"><img loading=\"lazy\" decoding=\"async\" width=\"1620\" height=\"2160\" src=\"https:\/\/www.vildmark.se\/wp-content\/uploads\/2025\/12\/GB-Karta-webb-Tf7-och-Tf4-1620x2160.jpg\" alt=\"\" class=\"wp-image-26753 size-full\" style=\"object-position:50% 50%\" srcset=\"https:\/\/www.vildmark.se\/wp-content\/uploads\/2025\/12\/GB-Karta-webb-Tf7-och-Tf4-1620x2160.jpg 1620w, https:\/\/www.vildmark.se\/wp-content\/uploads\/2025\/12\/GB-Karta-webb-Tf7-och-Tf4-225x300.jpg 225w, https:\/\/www.vildmark.se\/wp-content\/uploads\/2025\/12\/GB-Karta-webb-Tf7-och-Tf4-768x1024.jpg 768w, https:\/\/www.vildmark.se\/wp-content\/uploads\/2025\/12\/GB-Karta-webb-Tf7-och-Tf4-1152x1536.jpg 1152w, https:\/\/www.vildmark.se\/wp-content\/uploads\/2025\/12\/GB-Karta-webb-Tf7-och-Tf4-1536x2048.jpg 1536w, https:\/\/www.vildmark.se\/wp-content\/uploads\/2025\/12\/GB-Karta-webb-Tf7-och-Tf4.jpg 1772w\" sizes=\"auto, (max-width: 1620px) 100vw, 1620px\" \/><\/figure><\/div>\n<\/div><\/div><\/div>\n<\/div><\/div>\n\n<div class=\"block-container block-core-group alignfull\"><div class=\"block is-wp-block core-group\">\n<div class=\"wp-block-group alignfull is-layout-constrained wp-block-group-is-layout-constrained\" id=\"pris\"><div class=\"block-container block-core-heading\"><div class=\"block is-wp-block core-heading\">\n<h2 class=\"wp-block-heading\">Prix et d\u00e9parts<\/h2>\n<\/div><\/div>\n\n<div class=\"block-container block-core-paragraph\"><div class=\"block is-wp-block core-paragraph\">\n<p class=\"wp-block-paragraph\"><strong>P\u00e9riode :<\/strong>&nbsp;du 3 juin \u2013 26 ao\u00fbt 2025<\/p>\n<\/div><\/div>\n\n<div class=\"block-container block-core-paragraph\"><div class=\"block is-wp-block core-paragraph\">\n<p class=\"wp-block-paragraph\"><strong>D\u00e9parts :<\/strong>&nbsp;<br>Lundi, mercredi, dimanche<br>Vendredi (03.07-14.08)<\/p>\n<\/div><\/div>\n\n<div class=\"block-container block-core-paragraph\"><div class=\"block is-wp-block core-paragraph\">\n<p class=\"wp-block-paragraph\"><strong>Lieu\/heure de rencontre<\/strong> <strong>:<\/strong>&nbsp;15.30-17 h, \u00e0 Gunnerud, \u00e0 env. 95 km au nord de Karlstad.<br>ATTENTION! Il est important que vous gardiez ce temps !<\/p>\n<\/div><\/div>\n\n<div class=\"block-container block-core-table\"><div class=\"block is-wp-block core-table\">\n<figure class=\"wp-block-table\"><table><thead><tr><th><strong>Excursion en radeau de bois, 5 jours<\/strong> <strong>(SEK\/personne)<\/strong><\/th><th class=\"has-text-align-center\" data-align=\"center\">Adultes<\/th><th class=\"has-text-align-center\" data-align=\"center\">Enfants de 3-15 ans<\/th><th class=\"has-text-align-center\" data-align=\"center\">Groupes<\/th><\/tr><\/thead><tbody><tr><td><strong>\u00c9quipement de base (03.06-12.07 + 10.08-26.08)<\/strong><\/td><td class=\"has-text-align-center\" data-align=\"center\">5220<\/td><td class=\"has-text-align-center\" data-align=\"center\">2610<\/td><td class=\"has-text-align-center\" data-align=\"center\">3585<\/td><\/tr><tr><td><strong>\u00c9quipement de base (13.07-09.08)<\/strong><\/td><td class=\"has-text-align-center\" data-align=\"center\">5520<\/td><td class=\"has-text-align-center\" data-align=\"center\">2760<\/td><td class=\"has-text-align-center\" data-align=\"center\">3885<\/td><\/tr><\/tbody><\/table><figcaption class=\"wp-element-caption\"><br><strong>Groupes:<\/strong>&nbsp;un prix de groupe s \u0301applique pour les groupes de 10 personnes minimum qui r\u00e9servent ensemble. Prix par personne ind\u00e9pendamment de l&rsquo;\u00e2ge. Le nombre de personnes pr\u00e9vu par radeau en bois est de 5 \u00e0 6, dont deux adultes. Si vous \u00eates un groupe de 20 personnes et plus, un prix de 3370 SEK\/personne s&rsquo;applique. Des conditions particuli\u00e8res pour les voyages de groupe s&rsquo;appliquent.<\/figcaption><\/figure>\n<\/div><\/div>\n\n<div class=\"block-container block-core-table\"><div class=\"block is-wp-block core-table\">\n<figure class=\"wp-block-table\"><table><thead><tr><th>Annexe (SEK\/personne)<\/th><th class=\"has-text-align-center\" data-align=\"center\">Adultes<\/th><th class=\"has-text-align-center\" data-align=\"center\">Enfants de 3-15 ans<\/th><th class=\"has-text-align-center\" data-align=\"center\">Groupes<\/th><\/tr><\/thead><tbody><tr><td>Assurance-annulation<\/td><td class=\"has-text-align-center\" data-align=\"center\">290<\/td><td class=\"has-text-align-center\" data-align=\"center\">145<\/td><td class=\"has-text-align-center\" data-align=\"center\">145<\/td><\/tr><tr><td>Articles de cuisine<\/td><td class=\"has-text-align-center\" data-align=\"center\">400<\/td><td class=\"has-text-align-center\" data-align=\"center\">200<\/td><td class=\"has-text-align-center\" data-align=\"center\">380<\/td><\/tr><tr><td>Provisions<\/td><td class=\"has-text-align-center\" data-align=\"center\">1500<\/td><td class=\"has-text-align-center\" data-align=\"center\">1040<\/td><td class=\"has-text-align-center\" data-align=\"center\">1340<\/td><\/tr><tr><td>Sac de couchage avec matelas<\/td><td class=\"has-text-align-center\" data-align=\"center\">300<\/td><td class=\"has-text-align-center\" data-align=\"center\">300<\/td><td class=\"has-text-align-center\" data-align=\"center\">300<\/td><\/tr><tr><td>Tente (3-4 personnes)<\/td><td class=\"has-text-align-center\" data-align=\"center\">800\/tente<\/td><td class=\"has-text-align-center\" data-align=\"center\"><\/td><td class=\"has-text-align-center\" data-align=\"center\"><\/td><\/tr><\/tbody><\/table><figcaption class=\"wp-element-caption\"><br><strong>ATTENTION!<\/strong> Lors de la commande de mat\u00e9riel de cuisine et\/ou de provisions, toutes les personnes d&rsquo;une m\u00eame flotte foresti\u00e8re doivent le commander. Vous devez \u00eatre un minimum de 2 adultes, mais vous pouvez \u00eatre jusqu&rsquo;\u00e0 6 personnes \u00e0 bord du m\u00eame radeau de bois. La construction et la man\u0153uvre du radeau de bois sur la rivi\u00e8re n\u00e9cessitent un effort physique assez, c&rsquo;est donc plus facile si vous \u00eates quelques-uns.<\/figcaption><\/figure>\n<\/div><\/div><\/div>\n<\/div><\/div>\n\n<div class=\"block-container block-core-buttons\"><div class=\"block is-wp-block core-buttons\">\n<div class=\"wp-block-buttons is-layout-flex wp-block-buttons-is-layout-flex\">\n<div class=\"wp-block-button\"><a class=\"wp-block-button__link wp-element-button\" href=\"https:\/\/vildmark.se\/en\/book-activity\/\">r\u00e9server<\/a><\/div>\n<\/div>\n<\/div><\/div>\n\n<div class=\"block-container block-core-columns alignfull\"><div class=\"block is-wp-block core-columns\">\n<div class=\"wp-block-columns alignfull has-background is-layout-flex wp-container-core-columns-is-layout-b3078a59 wp-block-columns-is-layout-flex\" id=\"krav\" style=\"background-color:#6280332e;padding-top:var(--wp--preset--spacing--60);padding-bottom:var(--wp--preset--spacing--60)\">\n<div class=\"wp-block-column is-layout-flow wp-block-column-is-layout-flow\" style=\"flex-basis:100%\"><div class=\"block-container block-core-heading\"><div class=\"block is-wp-block core-heading\">\n<h3 class=\"wp-block-heading\">Exigences g\u00e9n\u00e9rales<\/h3>\n<\/div><\/div>\n\n<div class=\"block-container block-core-paragraph\"><div class=\"block is-wp-block core-paragraph\">\n<p class=\"wp-block-paragraph\">Minimum de 2 adultes de 18 ans ou plus\/radeau de bois. Les adultes doivent savoir nager. Votre participation \u00e0 cette excursion est sous votre enti\u00e8re responsabilit\u00e9. L&rsquo;\u00e9v\u00e9nement doit \u00eatre r\u00e9serv\u00e9 \u00e0 l&rsquo;avance. Dans le cadre de la r\u00e9servation, une couverture d&rsquo;annulation peut \u00eatre sign\u00e9e. Veuillez lire nos conditions de r\u00e9servation lors de la r\u00e9servation.<\/p>\n<\/div><\/div><\/div>\n<\/div>\n<\/div><\/div>\n\n<div class=\"block-container block-core-group alignfull\"><div class=\"block is-wp-block core-group\">\n<div class=\"wp-block-group alignfull is-layout-constrained wp-block-group-is-layout-constrained\"><div class=\"block-container block-core-heading aligncenter\"><div class=\"block is-wp-block core-heading\">\n<h2 class=\"wp-block-heading has-text-align-center\">Autres forfaits populaires<\/h2>\n<\/div><\/div>\n\n<div class=\"block-container block-core-paragraph aligncenter\"><div class=\"block is-wp-block core-paragraph\">\n<p class=\"has-text-align-center wp-block-paragraph\">Cette version offre un choix plus restreint de nos produits et de nos services disponibles sur notre site Web. Pour de l\u2019information plus d\u00e9taill\u00e9e et plus compl\u00e8te sur nos services et pour effectuer des r\u00e9servations, veuillez utiliser les versions anglaises, allemandes et su\u00e9doises du site.<\/p>\n<\/div><\/div>\n\n<div class=\"block-container block-acf-cards\"><div class=\"block is-acf-block acf-cards\"><div class=\"wp-block-acf-cards\">\t\t\t\n\t\n\t\t<div class=\"row \">\n\t\t\t\t\t\t<div class=\"col-12 col-md-4 puff__col\">\n\t\t\t\t<div class=\"puff__item puff__item--3-4 \" style=\"\">\n\t\t\t\t\t<div class=\"puff__item__body\">\n\t\t\t\t\t\t\t\t\t\t\t\t\t<div class=\"puff__img\" data-link=\"\">\n\t\t\t\t\t\t\t\t\t\t\t\t\t\t\t\t\t<picture><source type=\"image\/webp\" media=\"(min-width: 992px)\" data-srcset=\"\/wp-content\/uploads\/2023\/12\/20150722-DSC_6881-scaled-e1702572282174-416x257-c-center.webp 1x, \/wp-content\/uploads\/2023\/12\/20150722-DSC_6881-scaled-e1702572282174-832x514-c-center.webp 2x\" \/><source media=\"(min-width: 992px)\" data-srcset=\"\/wp-content\/uploads\/2023\/12\/20150722-DSC_6881-scaled-e1702572282174-416x257-c-center.jpg 1x, \/wp-content\/uploads\/2023\/12\/20150722-DSC_6881-scaled-e1702572282174-832x514-c-center.jpg 2x\" \/><source type=\"image\/webp\" media=\"(min-width: 768px)\" data-srcset=\"\/wp-content\/uploads\/2023\/12\/20150722-DSC_6881-scaled-e1702572282174-348x214-c-center.webp 1x, \/wp-content\/uploads\/2023\/12\/20150722-DSC_6881-scaled-e1702572282174-696x428-c-center.webp 2x\" \/><source media=\"(min-width: 768px)\" data-srcset=\"\/wp-content\/uploads\/2023\/12\/20150722-DSC_6881-scaled-e1702572282174-348x214-c-center.jpg 1x, \/wp-content\/uploads\/2023\/12\/20150722-DSC_6881-scaled-e1702572282174-696x428-c-center.jpg 2x\" \/><img class=\"lazy\" alt=\"Fyra personer sitter p\u00e5 en timmerflotte utan t\u00e4ltkonstruktion. Klar\u00e4lven speglar deras kroppar som svarta skuggor p\u00e5 vattnet. M\u00e4nniskorna sitter i var sitt h\u00f6rn p\u00e5 flotten, packningen i mitten. Skogsbekl\u00e4dda berg i bakgrunden.\" data-srcset=\"\/wp-content\/uploads\/2023\/12\/20150722-DSC_6881-scaled-e1702572282174-416x257-c-center.jpg\" \/><\/picture>\n\t\t\t\t\t\t\t\t\t\t\t\t\t\t\t\t\t\t\t\t\t\t\t<\/div>\n\t\t\t\t\t\t\t\t\t\t\t\t<div class=\"puff__content\">\n\t\t\t\t\t\t\t\t\t\t\t\t\t\t\t\t\t<h3 class=\"h4\">EXCURSION EN RADEAU DE BOIS 2 JOURS<\/h3>\n\t\t\t\t\t\t\t\t\n\t\t\t\t\t\t\t\t\n\t\t\t\t\t\t\t\t\n\t\t\t\t\t\t\t\t\t\t\t\t\t\t\t\t\t<div class=\"puff__text\"><p> Dans cette excursion, c&rsquo;est la nature m\u00eame qui r\u00e9v\u00e8le ses beaut\u00e9s et qui vous r\u00e9serve peut-\u00eatre des surprises. Pendant deux jours, vous vivrez une exp\u00e9rience nature unique o\u00f9 vous construirez vous-m\u00eame votre propre embarcation faite de billots et de cordes. Vous naviguerez sur la majestueuse rivi\u00e8re Klar\u00e4lven. Une excursion qui combine le plein air et une nuit pass\u00e9e dans un chalet.<\/p><\/div>\n\t\t\t\t\t\t\t\t\n\t\t\t\t\t\t\t\t\t\t\t\t\t\t<\/div>\n\t\t\t\t\t<\/div>\n\t\t\t\t\t<div class=\"puff__item__footer\">\n\t\t\t\t\t\n\t\t\t\t\t<div class=\"puff__button text-center button-count-2\">\n\t<div class=\"wp-block wp-block-buttons d-flex flex-wrap\">\n\t\t\t\t\t<div class=\"wp-block wp-block-button is-style-outline\">\n\t\t\t\t<a href=\"https:\/\/www.vildmark.se\/fr\/forfait\/forfait-radeau-en-bois\/excursion-en-radeau-de-bois-2-jours\/\" target=\"\" class=\"wp-block-button__link wp-element-button \" >\nLire la suite\n<\/a>\t\t\t<\/div>\n\t\t\t\t\t\t<div class=\"wp-block wp-block-button is-style-fill\">\n\t\t\t<a href=\"https:\/\/vildmark.se\/en\/book-activity\/\" target=\"\" class=\"wp-block-button__link wp-element-button \" >\nR\u00e9server \n<\/a>\t\t<\/div>\n\t\t\t<\/div>\n<\/div>\n\t\t\t\t\t<\/div>\n\t\t\t\t<\/div>\n\t\t\t<\/div>\n\t\t\t\t\t\t<div class=\"col-12 col-md-4 puff__col\">\n\t\t\t\t<div class=\"puff__item puff__item--3-4 \" style=\"\">\n\t\t\t\t\t<div class=\"puff__item__body\">\n\t\t\t\t\t\t\t\t\t\t\t\t\t<div class=\"puff__img\" data-link=\"\">\n\t\t\t\t\t\t\t\t\t\t\t\t\t\t\t\t\t<picture><source type=\"image\/webp\" media=\"(min-width: 992px)\" data-srcset=\"\/wp-content\/uploads\/2024\/03\/IMG_2078-scaled-416x257-c-center.webp 1x, \/wp-content\/uploads\/2024\/03\/IMG_2078-scaled-832x514-c-center.webp 2x\" \/><source media=\"(min-width: 992px)\" data-srcset=\"\/wp-content\/uploads\/2024\/03\/IMG_2078-scaled-416x257-c-center.jpg 1x, \/wp-content\/uploads\/2024\/03\/IMG_2078-scaled-832x514-c-center.jpg 2x\" \/><source type=\"image\/webp\" media=\"(min-width: 768px)\" data-srcset=\"\/wp-content\/uploads\/2024\/03\/IMG_2078-scaled-348x214-c-center.webp 1x, \/wp-content\/uploads\/2024\/03\/IMG_2078-scaled-696x428-c-center.webp 2x\" \/><source media=\"(min-width: 768px)\" data-srcset=\"\/wp-content\/uploads\/2024\/03\/IMG_2078-scaled-348x214-c-center.jpg 1x, \/wp-content\/uploads\/2024\/03\/IMG_2078-scaled-696x428-c-center.jpg 2x\" \/><img class=\"lazy\" alt=\"IMG_2078\" data-srcset=\"\/wp-content\/uploads\/2024\/03\/IMG_2078-scaled-416x257-c-center.jpg\" \/><\/picture>\n\t\t\t\t\t\t\t\t\t\t\t\t\t\t\t\t\t\t\t\t\t\t\t<\/div>\n\t\t\t\t\t\t\t\t\t\t\t\t<div class=\"puff__content\">\n\t\t\t\t\t\t\t\t\t\t\t\t\t\t\t\t\t<h3 class=\"h4\">CANO\u00cb SUR LA RIVI\u00c8RE SVART\u00c4LVEN, 7 JOURS OU 4 JOURS<\/h3>\n\t\t\t\t\t\t\t\t\n\t\t\t\t\t\t\t\t\n\t\t\t\t\t\t\t\t\n\t\t\t\t\t\t\t\t\t\t\t\t\t\t\t\t\t<div class=\"puff__text\"><p>La rivi\u00e8re Svart\u00e4lven, qui prend sa source \u00e0 la fronti\u00e8re de la Dal\u00e9carlie, \u00e0 l\u2019est du V\u00e4rmland, compte ind\u00e9niablement parmi nos plus magnifiques cours d\u2019eau pour les excursions en cano\u00eb. Une excursion des plus vari\u00e9es, le plus souvent sur des rivi\u00e8res, mais aussi sur des petits lacs.<\/p><\/div>\n\t\t\t\t\t\t\t\t\n\t\t\t\t\t\t\t\t\t\t\t\t\t\t<\/div>\n\t\t\t\t\t<\/div>\n\t\t\t\t\t<div class=\"puff__item__footer\">\n\t\t\t\t\t\n\t\t\t\t\t<div class=\"puff__button text-center button-count-2\">\n\t<div class=\"wp-block wp-block-buttons d-flex flex-wrap\">\n\t\t\t\t\t<div class=\"wp-block wp-block-button is-style-outline\">\n\t\t\t\t<a href=\"https:\/\/www.vildmark.se\/fr\/forfait\/forfait-canot\/canot-sur-la-riviere-svartalven\/\" target=\"\" class=\"wp-block-button__link wp-element-button \" >\nLire la suite\n<\/a>\t\t\t<\/div>\n\t\t\t\t\t\t<div class=\"wp-block wp-block-button is-style-fill\">\n\t\t\t<a href=\"https:\/\/vildmark.se\/en\/book-activity\/\" target=\"\" class=\"wp-block-button__link wp-element-button \" >\nR\u00e9server \n<\/a>\t\t<\/div>\n\t\t\t<\/div>\n<\/div>\n\t\t\t\t\t<\/div>\n\t\t\t\t<\/div>\n\t\t\t<\/div>\n\t\t\t\t\t\t<div class=\"col-12 col-md-4 puff__col\">\n\t\t\t\t<div class=\"puff__item puff__item--3-4 \" style=\"\">\n\t\t\t\t\t<div class=\"puff__item__body\">\n\t\t\t\t\t\t\t\t\t\t\t\t\t<div class=\"puff__img\" data-link=\"\">\n\t\t\t\t\t\t\t\t\t\t\t\t\t\t\t\t\t<picture><source type=\"image\/webp\" media=\"(min-width: 992px)\" data-srcset=\"\/wp-content\/uploads\/2023\/12\/Pia-Ottosen-1-e1703164420136-416x257-c-center.webp 1x, \/wp-content\/uploads\/2023\/12\/Pia-Ottosen-1-e1703164420136-832x514-c-center.webp 2x\" \/><source media=\"(min-width: 992px)\" data-srcset=\"\/wp-content\/uploads\/2023\/12\/Pia-Ottosen-1-e1703164420136-416x257-c-center.jpg 1x, \/wp-content\/uploads\/2023\/12\/Pia-Ottosen-1-e1703164420136-832x514-c-center.jpg 2x\" \/><source type=\"image\/webp\" media=\"(min-width: 768px)\" data-srcset=\"\/wp-content\/uploads\/2023\/12\/Pia-Ottosen-1-e1703164420136-348x214-c-center.webp 1x, \/wp-content\/uploads\/2023\/12\/Pia-Ottosen-1-e1703164420136-696x428-c-center.webp 2x\" \/><source media=\"(min-width: 768px)\" data-srcset=\"\/wp-content\/uploads\/2023\/12\/Pia-Ottosen-1-e1703164420136-348x214-c-center.jpg 1x, \/wp-content\/uploads\/2023\/12\/Pia-Ottosen-1-e1703164420136-696x428-c-center.jpg 2x\" \/><img class=\"lazy\" alt=\"Vid Klar\u00e4lven st\u00e5r en pojke i vattenbrynet och fiskar. Det \u00e4r en solig och ljus dag. En kanot som ligger p\u00e5 sanden petar sin spets in bilden. Den andra \u00e4lvsidan \u00e4r fullt bevuxen av gr\u00f6na tr\u00e4d.\" data-srcset=\"\/wp-content\/uploads\/2023\/12\/Pia-Ottosen-1-e1703164420136-416x257-c-center.jpg\" \/><\/picture>\n\t\t\t\t\t\t\t\t\t\t\t\t\t\t\t\t\t\t\t\t\t\t\t<\/div>\n\t\t\t\t\t\t\t\t\t\t\t\t<div class=\"puff__content\">\n\t\t\t\t\t\t\t\t\t\t\t\t\t\t\t\t\t<h3 class=\"h4\">CANO\u00cb SUR LA RIVI\u00c8RE KLAR\u00c4LVEN, 7 JOURS OU 4 JOURS<\/h3>\n\t\t\t\t\t\t\t\t\n\t\t\t\t\t\t\t\t\n\t\t\t\t\t\t\t\t\n\t\t\t\t\t\t\t\t\t\t\t\t\t\t\t\t\t<div class=\"puff__text\"><p>Ce que nous vous offrons est un trajet d&rsquo;une distance d&rsquo;environ 50 ou 100 km sur la rivi\u00e8re Klar\u00e4lven, et ce, sans rapides ni centrale \u00e9lectrique. La rivi\u00e8re d\u00e9place chaque ann\u00e9e plusieurs tonnes de sable, un sable si pur et si fin que vous avez parfois l&rsquo;impression de vous trouver dans un paradis de sable. Bref, une excursion en cano\u00eb id\u00e9ale pour toute la famille.<\/p><\/div>\n\t\t\t\t\t\t\t\t\n\t\t\t\t\t\t\t\t\t\t\t\t\t\t<\/div>\n\t\t\t\t\t<\/div>\n\t\t\t\t\t<div class=\"puff__item__footer\">\n\t\t\t\t\t\n\t\t\t\t\t<div class=\"puff__button text-center button-count-2\">\n\t<div class=\"wp-block wp-block-buttons d-flex flex-wrap\">\n\t\t\t\t\t<div class=\"wp-block wp-block-button is-style-outline\">\n\t\t\t\t<a href=\"https:\/\/www.vildmark.se\/fr\/forfait\/forfait-canot\/canot-sur-la-riviere-klaralven\/\" target=\"\" class=\"wp-block-button__link wp-element-button \" >\nLire la suite\n<\/a>\t\t\t<\/div>\n\t\t\t\t\t\t<div class=\"wp-block wp-block-button is-style-fill\">\n\t\t\t<a href=\"https:\/\/vildmark.se\/en\/book-activity\/\" target=\"\" class=\"wp-block-button__link wp-element-button \" >\nR\u00e9server \n<\/a>\t\t<\/div>\n\t\t\t<\/div>\n<\/div>\n\t\t\t\t\t<\/div>\n\t\t\t\t<\/div>\n\t\t\t<\/div>\n\t\t\t\t\t<\/div>\n\t\t\n\t\n<\/div><\/div><\/div><\/div>\n<\/div><\/div>\n\n<div class=\"block-container block-acf-seotext\"><div class=\"block is-acf-block acf-seotext\"><div class=\"wp-block-acf-seotext\"><div>\n\t<h3>Un sc\u00e9nario avec la nature comme r\u00e9alisateur<\/h3>\n<p>Les conditions de navigation sont d\u00e9termin\u00e9es en grande partie par le niveau de l&rsquo;eau, mais aussi par les vents et le temps qu&rsquo;il fait. Tout au long de l&rsquo;excursion, vous serez port\u00e9 par un courant tranquille de 1 \u00e0 3 km\/h, mais m\u00eame dans les eaux les plus calmes,<br \/>\nExcursions en radeau de bois se cachent parfois roches, remous et bancs de sable! Un des grands d\u00e9fis de l&rsquo;aventure est de sortir hors du courant le radeau de bois qui p\u00e8se pr\u00e8s de deux tonnes et de le tirer sur la terre ferme. Vous \u00eates seul pendant l&rsquo;excursion et organisez vous-m\u00eame chaque \u00e9tape de la journ\u00e9e, \u00e0 l&rsquo;exception des circonstances incontr\u00f4lables auxquelles vous serez expos\u00e9 au cours de votre voyage.<\/p>\n\n\t<\/div>\n\n<\/div><\/div><\/div>","protected":false},"excerpt":{"rendered":"<p>L&rsquo;aventure inoubliable Construisez votre propre radeau de bois avec seulement des billots et des cordes et venez descendre la rivi\u00e8re Klar\u00e4lven dans la province du V\u00e4rmland. Une aventure et une exp\u00e9rience que vous n&rsquo;\u00eates pas pr\u00eats d&rsquo;oublier! Les conditions de navigation sont d\u00e9termin\u00e9es en grande partie par le niveau de l&rsquo;eau, mais aussi par les [&hellip;]<\/p>\n","protected":false},"author":5,"featured_media":0,"parent":20584,"menu_order":0,"comment_status":"closed","ping_status":"closed","template":"","meta":{"_acf_changed":false,"footnotes":""},"tags":[],"class_list":["post-20650","page","type-page","status-publish","hentry"],"acf":[],"yoast_head":"<!-- This site is optimized with the Yoast SEO plugin v28.3 - https:\/\/yoast.com\/product\/yoast-seo-wordpress\/ -->\n<title>Excursion en radeau de bois 5 jours - Vildmark i V\u00e4rmland<\/title>\n<meta name=\"robots\" content=\"index, follow, max-snippet:-1, max-image-preview:large, max-video-preview:-1\" \/>\n<link rel=\"canonical\" href=\"https:\/\/www.vildmark.se\/fr\/forfait\/forfait-radeau-en-bois\/excursion-en-radeau-de-bois-5-jours\/\" \/>\n<meta property=\"og:locale\" content=\"fr_FR\" \/>\n<meta property=\"og:type\" content=\"article\" \/>\n<meta property=\"og:title\" content=\"Excursion en radeau de bois 5 jours - Vildmark i V\u00e4rmland\" \/>\n<meta property=\"og:description\" content=\"L&rsquo;aventure inoubliable Construisez votre propre radeau de bois avec seulement des billots et des cordes et venez descendre la rivi\u00e8re Klar\u00e4lven dans la province du V\u00e4rmland. Une aventure et une exp\u00e9rience que vous n&rsquo;\u00eates pas pr\u00eats d&rsquo;oublier! Les conditions de navigation sont d\u00e9termin\u00e9es en grande partie par le niveau de l&rsquo;eau, mais aussi par les [&hellip;]\" \/>\n<meta property=\"og:url\" content=\"https:\/\/www.vildmark.se\/fr\/forfait\/forfait-radeau-en-bois\/excursion-en-radeau-de-bois-5-jours\/\" \/>\n<meta property=\"og:site_name\" content=\"Vildmark i V\u00e4rmland\" \/>\n<meta property=\"article:modified_time\" content=\"2025-12-23T08:18:36+00:00\" \/>\n<meta property=\"og:image\" content=\"https:\/\/vildmark.se\/wp-content\/uploads\/2024\/01\/2015-Jonathan-Steffens-Tf-pa-alven-Tf4Tf7-1-1-scaled.jpg\" \/>\n<meta name=\"twitter:card\" content=\"summary_large_image\" \/>\n<meta name=\"twitter:label1\" content=\"Dur\u00e9e de lecture estim\u00e9e\" \/>\n\t<meta name=\"twitter:data1\" content=\"9 minutes\" \/>\n<script type=\"application\/ld+json\" class=\"yoast-schema-graph\">{\"@context\":\"https:\\\/\\\/schema.org\",\"@graph\":[{\"@type\":\"WebPage\",\"@id\":\"https:\\\/\\\/www.vildmark.se\\\/fr\\\/forfait\\\/forfait-radeau-en-bois\\\/excursion-en-radeau-de-bois-5-jours\\\/\",\"url\":\"https:\\\/\\\/www.vildmark.se\\\/fr\\\/forfait\\\/forfait-radeau-en-bois\\\/excursion-en-radeau-de-bois-5-jours\\\/\",\"name\":\"Excursion en radeau de bois 5 jours - Vildmark i V\u00e4rmland\",\"isPartOf\":{\"@id\":\"https:\\\/\\\/www.vildmark.se\\\/fr\\\/#website\"},\"primaryImageOfPage\":{\"@id\":\"https:\\\/\\\/www.vildmark.se\\\/fr\\\/forfait\\\/forfait-radeau-en-bois\\\/excursion-en-radeau-de-bois-5-jours\\\/#primaryimage\"},\"image\":{\"@id\":\"https:\\\/\\\/www.vildmark.se\\\/fr\\\/forfait\\\/forfait-radeau-en-bois\\\/excursion-en-radeau-de-bois-5-jours\\\/#primaryimage\"},\"thumbnailUrl\":\"https:\\\/\\\/vildmark.se\\\/wp-content\\\/uploads\\\/2024\\\/01\\\/2015-Jonathan-Steffens-Tf-pa-alven-Tf4Tf7-1-1-scaled.jpg\",\"datePublished\":\"2023-11-10T12:54:27+00:00\",\"dateModified\":\"2025-12-23T08:18:36+00:00\",\"breadcrumb\":{\"@id\":\"https:\\\/\\\/www.vildmark.se\\\/fr\\\/forfait\\\/forfait-radeau-en-bois\\\/excursion-en-radeau-de-bois-5-jours\\\/#breadcrumb\"},\"inLanguage\":\"fr-FR\",\"potentialAction\":[{\"@type\":\"ReadAction\",\"target\":[\"https:\\\/\\\/www.vildmark.se\\\/fr\\\/forfait\\\/forfait-radeau-en-bois\\\/excursion-en-radeau-de-bois-5-jours\\\/\"]}]},{\"@type\":\"ImageObject\",\"inLanguage\":\"fr-FR\",\"@id\":\"https:\\\/\\\/www.vildmark.se\\\/fr\\\/forfait\\\/forfait-radeau-en-bois\\\/excursion-en-radeau-de-bois-5-jours\\\/#primaryimage\",\"url\":\"https:\\\/\\\/vildmark.se\\\/wp-content\\\/uploads\\\/2024\\\/01\\\/2015-Jonathan-Steffens-Tf-pa-alven-Tf4Tf7-1-1-scaled.jpg\",\"contentUrl\":\"https:\\\/\\\/vildmark.se\\\/wp-content\\\/uploads\\\/2024\\\/01\\\/2015-Jonathan-Steffens-Tf-pa-alven-Tf4Tf7-1-1-scaled.jpg\"},{\"@type\":\"BreadcrumbList\",\"@id\":\"https:\\\/\\\/www.vildmark.se\\\/fr\\\/forfait\\\/forfait-radeau-en-bois\\\/excursion-en-radeau-de-bois-5-jours\\\/#breadcrumb\",\"itemListElement\":[{\"@type\":\"ListItem\",\"position\":1,\"name\":\"Forfait\",\"item\":\"https:\\\/\\\/www.vildmark.se\\\/fr\\\/forfait\\\/\"},{\"@type\":\"ListItem\",\"position\":2,\"name\":\"Forfait radeau en bois\",\"item\":\"https:\\\/\\\/www.vildmark.se\\\/fr\\\/forfait\\\/forfait-radeau-en-bois\\\/\"},{\"@type\":\"ListItem\",\"position\":3,\"name\":\"Excursion en radeau de bois 5 jours\"}]},{\"@type\":\"WebSite\",\"@id\":\"https:\\\/\\\/www.vildmark.se\\\/fr\\\/#website\",\"url\":\"https:\\\/\\\/www.vildmark.se\\\/fr\\\/\",\"name\":\"Vildmark i V\u00e4rmland\",\"description\":\"\",\"potentialAction\":[{\"@type\":\"SearchAction\",\"target\":{\"@type\":\"EntryPoint\",\"urlTemplate\":\"https:\\\/\\\/www.vildmark.se\\\/fr\\\/?s={search_term_string}\"},\"query-input\":{\"@type\":\"PropertyValueSpecification\",\"valueRequired\":true,\"valueName\":\"search_term_string\"}}],\"inLanguage\":\"fr-FR\"}]}<\/script>\n<!-- \/ Yoast SEO plugin. -->","yoast_head_json":{"title":"Excursion en radeau de bois 5 jours - Vildmark i V\u00e4rmland","robots":{"index":"index","follow":"follow","max-snippet":"max-snippet:-1","max-image-preview":"max-image-preview:large","max-video-preview":"max-video-preview:-1"},"canonical":"https:\/\/www.vildmark.se\/fr\/forfait\/forfait-radeau-en-bois\/excursion-en-radeau-de-bois-5-jours\/","og_locale":"fr_FR","og_type":"article","og_title":"Excursion en radeau de bois 5 jours - Vildmark i V\u00e4rmland","og_description":"L&rsquo;aventure inoubliable Construisez votre propre radeau de bois avec seulement des billots et des cordes et venez descendre la rivi\u00e8re Klar\u00e4lven dans la province du V\u00e4rmland. Une aventure et une exp\u00e9rience que vous n&rsquo;\u00eates pas pr\u00eats d&rsquo;oublier! Les conditions de navigation sont d\u00e9termin\u00e9es en grande partie par le niveau de l&rsquo;eau, mais aussi par les [&hellip;]","og_url":"https:\/\/www.vildmark.se\/fr\/forfait\/forfait-radeau-en-bois\/excursion-en-radeau-de-bois-5-jours\/","og_site_name":"Vildmark i V\u00e4rmland","article_modified_time":"2025-12-23T08:18:36+00:00","og_image":[{"url":"https:\/\/vildmark.se\/wp-content\/uploads\/2024\/01\/2015-Jonathan-Steffens-Tf-pa-alven-Tf4Tf7-1-1-scaled.jpg","type":"","width":"","height":""}],"twitter_card":"summary_large_image","twitter_misc":{"Dur\u00e9e de lecture estim\u00e9e":"9 minutes"},"schema":{"@context":"https:\/\/schema.org","@graph":[{"@type":"WebPage","@id":"https:\/\/www.vildmark.se\/fr\/forfait\/forfait-radeau-en-bois\/excursion-en-radeau-de-bois-5-jours\/","url":"https:\/\/www.vildmark.se\/fr\/forfait\/forfait-radeau-en-bois\/excursion-en-radeau-de-bois-5-jours\/","name":"Excursion en radeau de bois 5 jours - Vildmark i V\u00e4rmland","isPartOf":{"@id":"https:\/\/www.vildmark.se\/fr\/#website"},"primaryImageOfPage":{"@id":"https:\/\/www.vildmark.se\/fr\/forfait\/forfait-radeau-en-bois\/excursion-en-radeau-de-bois-5-jours\/#primaryimage"},"image":{"@id":"https:\/\/www.vildmark.se\/fr\/forfait\/forfait-radeau-en-bois\/excursion-en-radeau-de-bois-5-jours\/#primaryimage"},"thumbnailUrl":"https:\/\/vildmark.se\/wp-content\/uploads\/2024\/01\/2015-Jonathan-Steffens-Tf-pa-alven-Tf4Tf7-1-1-scaled.jpg","datePublished":"2023-11-10T12:54:27+00:00","dateModified":"2025-12-23T08:18:36+00:00","breadcrumb":{"@id":"https:\/\/www.vildmark.se\/fr\/forfait\/forfait-radeau-en-bois\/excursion-en-radeau-de-bois-5-jours\/#breadcrumb"},"inLanguage":"fr-FR","potentialAction":[{"@type":"ReadAction","target":["https:\/\/www.vildmark.se\/fr\/forfait\/forfait-radeau-en-bois\/excursion-en-radeau-de-bois-5-jours\/"]}]},{"@type":"ImageObject","inLanguage":"fr-FR","@id":"https:\/\/www.vildmark.se\/fr\/forfait\/forfait-radeau-en-bois\/excursion-en-radeau-de-bois-5-jours\/#primaryimage","url":"https:\/\/vildmark.se\/wp-content\/uploads\/2024\/01\/2015-Jonathan-Steffens-Tf-pa-alven-Tf4Tf7-1-1-scaled.jpg","contentUrl":"https:\/\/vildmark.se\/wp-content\/uploads\/2024\/01\/2015-Jonathan-Steffens-Tf-pa-alven-Tf4Tf7-1-1-scaled.jpg"},{"@type":"BreadcrumbList","@id":"https:\/\/www.vildmark.se\/fr\/forfait\/forfait-radeau-en-bois\/excursion-en-radeau-de-bois-5-jours\/#breadcrumb","itemListElement":[{"@type":"ListItem","position":1,"name":"Forfait","item":"https:\/\/www.vildmark.se\/fr\/forfait\/"},{"@type":"ListItem","position":2,"name":"Forfait radeau en bois","item":"https:\/\/www.vildmark.se\/fr\/forfait\/forfait-radeau-en-bois\/"},{"@type":"ListItem","position":3,"name":"Excursion en radeau de bois 5 jours"}]},{"@type":"WebSite","@id":"https:\/\/www.vildmark.se\/fr\/#website","url":"https:\/\/www.vildmark.se\/fr\/","name":"Vildmark i V\u00e4rmland","description":"","potentialAction":[{"@type":"SearchAction","target":{"@type":"EntryPoint","urlTemplate":"https:\/\/www.vildmark.se\/fr\/?s={search_term_string}"},"query-input":{"@type":"PropertyValueSpecification","valueRequired":true,"valueName":"search_term_string"}}],"inLanguage":"fr-FR"}]}},"publishpress_future_action":{"enabled":false,"date":"2026-09-13 22:46:50","action":"change-status","newStatus":"draft","terms":[],"taxonomy":"post_tag","extraData":[]},"publishpress_future_workflow_manual_trigger":{"enabledWorkflows":[]},"_links":{"self":[{"href":"https:\/\/www.vildmark.se\/fr\/wp-json\/wp\/v2\/pages\/20650","targetHints":{"allow":["GET"]}}],"collection":[{"href":"https:\/\/www.vildmark.se\/fr\/wp-json\/wp\/v2\/pages"}],"about":[{"href":"https:\/\/www.vildmark.se\/fr\/wp-json\/wp\/v2\/types\/page"}],"author":[{"embeddable":true,"href":"https:\/\/www.vildmark.se\/fr\/wp-json\/wp\/v2\/users\/5"}],"replies":[{"embeddable":true,"href":"https:\/\/www.vildmark.se\/fr\/wp-json\/wp\/v2\/comments?post=20650"}],"version-history":[{"count":30,"href":"https:\/\/www.vildmark.se\/fr\/wp-json\/wp\/v2\/pages\/20650\/revisions"}],"predecessor-version":[{"id":26782,"href":"https:\/\/www.vildmark.se\/fr\/wp-json\/wp\/v2\/pages\/20650\/revisions\/26782"}],"up":[{"embeddable":true,"href":"https:\/\/www.vildmark.se\/fr\/wp-json\/wp\/v2\/pages\/20584"}],"wp:attachment":[{"href":"https:\/\/www.vildmark.se\/fr\/wp-json\/wp\/v2\/media?parent=20650"}],"wp:term":[{"taxonomy":"post_tag","embeddable":true,"href":"https:\/\/www.vildmark.se\/fr\/wp-json\/wp\/v2\/tags?post=20650"}],"curies":[{"name":"wp","href":"https:\/\/api.w.org\/{rel}","templated":true}]}}